{"id":5404,"date":"2024-03-21T15:58:16","date_gmt":"2024-03-21T15:58:16","guid":{"rendered":"https:\/\/veronamarathonexplore.it\/das-programm-entdeckung-pantelleria\/"},"modified":"2024-03-21T15:58:18","modified_gmt":"2024-03-21T15:58:18","slug":"das-programm-entdeckung-pantelleria","status":"publish","type":"page","link":"https:\/\/veronamarathonexplore.it\/de\/das-programm-entdeckung-pantelleria\/","title":{"rendered":"Das Programm | Entdeckung Pantelleria"},"content":{"rendered":"<p><div class=\"fusion-fullwidth fullwidth-box fusion-builder-row-1 fusion-flex-container has-pattern-background has-mask-background nonhundred-percent-fullwidth non-hundred-percent-height-scrolling\" style=\"--awb-border-radius-top-left:0px;--awb-border-radius-top-right:0px;--awb-border-radius-bottom-right:0px;--awb-border-radius-bottom-left:0px;--awb-flex-wrap:wrap;\" ><div class=\"fusion-builder-row fusion-row fusion-flex-align-items-flex-start fusion-flex-content-wrap\" style=\"max-width:1248px;margin-left: calc(-4% \/ 2 );margin-right: calc(-4% \/ 2 );\"><div class=\"fusion-layout-column fusion_builder_column fusion-builder-column-0 fusion_builder_column_1_1 1_1 fusion-flex-column\" style=\"--awb-bg-size:cover;--awb-width-large:100%;--awb-margin-top-large:0px;--awb-spacing-right-large:1.92%;--awb-margin-bottom-large:20px;--awb-spacing-left-large:1.92%;--awb-width-medium:100%;--awb-order-medium:0;--awb-spacing-right-medium:1.92%;--awb-spacing-left-medium:1.92%;--awb-width-small:100%;--awb-order-small:0;--awb-spacing-right-small:1.92%;--awb-spacing-left-small:1.92%;\"><div class=\"fusion-column-wrapper fusion-column-has-shadow fusion-flex-justify-content-flex-start fusion-content-layout-column\">\n<div class=\"fusion-slider-revolution rev_slider_wrapper\">\t\t\t<!-- START pantelleria programm REVOLUTION SLIDER 6.6.20 --><p class=\"rs-p-wp-fix\"><\/p>\n\t\t\t<rs-module-wrap id=\"rev_slider_19_1_wrapper\" data-source=\"gallery\" style=\"visibility:hidden;background:transparent;padding:0;margin:0px auto;margin-top:0;margin-bottom:0;\">\n\t\t\t\t<rs-module id=\"rev_slider_19_1\" style=\"\" data-version=\"6.6.20\">\n\t\t\t\t\t<rs-slides style=\"overflow: hidden; position: absolute;\">\n\t\t\t\t\t\t<rs-slide style=\"position: absolute;\" data-key=\"rs-66\" data-title=\"Slide\" data-anim=\"adpr:false;\" data-in=\"o:0;\" data-out=\"a:false;\">\n\t\t\t\t\t\t\t<img decoding=\"async\" src=\"\/\/veronamarathonexplore.it\/wp-content\/plugins\/revslider\/public\/assets\/assets\/dummy.png\" alt=\"\" title=\"DSC_8843\" width=\"1200\" height=\"798\" class=\"rev-slidebg tp-rs-img rs-lazyload\" data-lazyload=\"\/\/veronamarathonexplore.it\/wp-content\/uploads\/2024\/03\/DSC_8843.jpg\" data-no-retina>\n<!---->\t\t\t\t\t\t<\/rs-slide>\n\t\t\t\t\t<\/rs-slides>\n\t\t\t\t<\/rs-module>\n\t\t\t\t<script>\n\t\t\t\t\tsetREVStartSize({c: 'rev_slider_19_1',rl:[1240,1240,1240,480],el:[700,700,700,720],gw:[1240,1240,1240,480],gh:[700,700,700,720],type:'standard',justify:'',layout:'fullwidth',mh:\"0\"});if (window.RS_MODULES!==undefined && window.RS_MODULES.modules!==undefined && window.RS_MODULES.modules[\"revslider191\"]!==undefined) {window.RS_MODULES.modules[\"revslider191\"].once = false;window.revapi19 = undefined;if (window.RS_MODULES.checkMinimal!==undefined) window.RS_MODULES.checkMinimal()}\n\t\t\t\t<\/script>\n\t\t\t<\/rs-module-wrap>\n\t\t\t<!-- END REVOLUTION SLIDER -->\n<\/div><\/div><\/div><\/div><\/div><div class=\"fusion-fullwidth fullwidth-box fusion-builder-row-2 fusion-flex-container has-pattern-background has-mask-background nonhundred-percent-fullwidth non-hundred-percent-height-scrolling\" style=\"--awb-border-radius-top-left:0px;--awb-border-radius-top-right:0px;--awb-border-radius-bottom-right:0px;--awb-border-radius-bottom-left:0px;--awb-flex-wrap:wrap;\" ><div class=\"fusion-builder-row fusion-row fusion-flex-align-items-flex-start fusion-flex-content-wrap\" style=\"max-width:1248px;margin-left: calc(-4% \/ 2 );margin-right: calc(-4% \/ 2 );\"><div class=\"fusion-layout-column fusion_builder_column fusion-builder-column-1 fusion_builder_column_1_1 1_1 fusion-flex-column\" style=\"--awb-bg-size:cover;--awb-width-large:100%;--awb-margin-top-large:0px;--awb-spacing-right-large:1.92%;--awb-margin-bottom-large:20px;--awb-spacing-left-large:1.92%;--awb-width-medium:100%;--awb-order-medium:0;--awb-spacing-right-medium:1.92%;--awb-spacing-left-medium:1.92%;--awb-width-small:100%;--awb-order-small:0;--awb-spacing-right-small:1.92%;--awb-spacing-left-small:1.92%;\"><div class=\"fusion-column-wrapper fusion-column-has-shadow fusion-flex-justify-content-flex-start fusion-content-layout-column\"><div class=\"fusion-title title fusion-title-1 fusion-sep-none fusion-title-center fusion-title-text fusion-title-size-two\"><h2 class=\"fusion-title-heading title-heading-center\" style=\"margin:0;\">La Sportiva Entdeckung Pantelleria<\/h2><\/div><div class=\"fusion-title title fusion-title-2 fusion-sep-none fusion-title-center fusion-title-text fusion-title-size-three\"><h3 class=\"fusion-title-heading title-heading-center\" style=\"margin:0;\">22. September &#8211; 29. September 2024<\/h3><\/div><div class=\"fusion-title title fusion-title-3 fusion-sep-none fusion-title-center fusion-title-text fusion-title-size-three\"><h3 class=\"fusion-title-heading title-heading-center\" style=\"margin:0;\"><p style=\"text-align: center;\"><span class=\"TextRun MacChromeBold SCXW201125107 BCX8\" lang=\"IT-IT\" xml:lang=\"IT-IT\" data-contrast=\"auto\"><span class=\"NormalTextRun SCXW201125107 BCX8\">PROGRAMM <\/span><span class=\"NormalTextRun SCXW201125107 BCX8\">ORGANISIERTE REISE &#8222;<\/span><span class=\"NormalTextRun SCXW201125107 BCX8\">DIAMANT<\/span><span class=\"NormalTextRun SCXW201125107 BCX8\">&#8222;<\/span><\/span><\/p><\/h3><\/div><\/div><\/div><\/div><\/div><div class=\"fusion-fullwidth fullwidth-box fusion-builder-row-3 fusion-flex-container has-pattern-background has-mask-background nonhundred-percent-fullwidth non-hundred-percent-height-scrolling\" style=\"--awb-border-radius-top-left:0px;--awb-border-radius-top-right:0px;--awb-border-radius-bottom-right:0px;--awb-border-radius-bottom-left:0px;--awb-flex-wrap:wrap;\" ><div class=\"fusion-builder-row fusion-row fusion-flex-align-items-flex-start fusion-flex-content-wrap\" style=\"max-width:1248px;margin-left: calc(-4% \/ 2 );margin-right: calc(-4% \/ 2 );\"><div class=\"fusion-layout-column fusion_builder_column fusion-builder-column-2 fusion_builder_column_1_1 1_1 fusion-flex-column\" style=\"--awb-bg-size:cover;--awb-width-large:100%;--awb-margin-top-large:0px;--awb-spacing-right-large:1.92%;--awb-margin-bottom-large:20px;--awb-spacing-left-large:1.92%;--awb-width-medium:100%;--awb-order-medium:0;--awb-spacing-right-medium:1.92%;--awb-spacing-left-medium:1.92%;--awb-width-small:100%;--awb-order-small:0;--awb-spacing-right-small:1.92%;--awb-spacing-left-small:1.92%;\"><div class=\"fusion-column-wrapper fusion-column-has-shadow fusion-flex-justify-content-flex-start fusion-content-layout-column\"><div class=\"fusion-tabs fusion-tabs-1 classic vertical-tabs icon-position-left mobile-mode-accordion\" style=\"--awb-margin-top:20px;--awb-title-border-radius-top-left:0px;--awb-title-border-radius-top-right:0px;--awb-title-border-radius-bottom-right:0px;--awb-title-border-radius-bottom-left:0px;--awb-content-padding-top:10px;--awb-content-padding-right:60px;--awb-content-padding-bottom:35px;--awb-content-padding-left:60px;--awb-title-padding-top:35px;--awb-title-padding-right:60px;--awb-title-padding-bottom:35px;--awb-title-padding-left:60px;--awb-title-font-size:var(--awb-typography3-font-size);--awb-title-text-transform:var(--awb-typography3-text-transform);--awb-title-line-height:var(--awb-typography3-line-height);--awb-title-letter-spacing:var(--awb-typography3-letter-spacing);--awb-alignment:start;--awb-inactive-color:#f5f5f5;--awb-title-text-color:#1c1c1c;--awb-title-active-text-color:#1c1c1c;--awb-background-color:#ffffff;--awb-border-color:#efefef;--awb-active-border-color:#f9a513;--awb-title-font-family:var(--awb-typography3-font-family);--awb-title-font-weight:var(--awb-typography3-font-weight);--awb-title-font-style:var(--awb-typography3-font-style);\"><div class=\"nav\"><ul class=\"nav-tabs\" role=\"tablist\"><li class=\"active\" role=\"presentation\"><a class=\"tab-link\" data-toggle=\"tab\" role=\"tab\" aria-controls=\"tab-f3c22b9ee04cd29977d\" aria-selected=\"true\" id=\"fusion-tab-tag1-sonntag,22.september\" href=\"#tab-f3c22b9ee04cd29977d\"><h5 class=\"fusion-tab-heading\"><i class=\"fontawesome-icon icon-ui-home\" aria-hidden=\"true\" style=\"font-size:22px; --icon-color:#444444;--icon-active-color:#f9a513;\"><\/i>Tag 1 - Sonntag, 22. September  <\/h5><\/a><\/li><li role=\"presentation\"><a class=\"tab-link\" data-toggle=\"tab\" role=\"tab\" aria-controls=\"tab-934fa205aab508ab2aa\" aria-selected=\"false\" tabindex=\"-1\" id=\"fusion-tab-tag2-montag,23.september\" href=\"#tab-934fa205aab508ab2aa\"><h5 class=\"fusion-tab-heading\"><i class=\"fontawesome-icon icon-ui-stats\" aria-hidden=\"true\" style=\"font-size:22px; --icon-color:#444444;--icon-active-color:#f9a513;\"><\/i>Tag 2 - Montag, 23. September  <\/h5><\/a><\/li><li role=\"presentation\"><a class=\"tab-link\" data-toggle=\"tab\" role=\"tab\" aria-controls=\"tab-73759e5d412b30bd83d\" aria-selected=\"false\" tabindex=\"-1\" id=\"fusion-tab-tag3-dienstag,24.september\" href=\"#tab-73759e5d412b30bd83d\"><h5 class=\"fusion-tab-heading\"><i class=\"fontawesome-icon icon-ui-settings\" aria-hidden=\"true\" style=\"font-size:22px; --icon-color:#444444;--icon-active-color:#f9a513;\"><\/i>Tag 3 - Dienstag, 24. September<\/h5><\/a><\/li><li role=\"presentation\"><a class=\"tab-link\" data-toggle=\"tab\" role=\"tab\" aria-controls=\"tab-c0ed947f3a48923ad8c\" aria-selected=\"false\" tabindex=\"-1\" id=\"fusion-tab-tag4-mittwoch,25.september\" href=\"#tab-c0ed947f3a48923ad8c\"><h5 class=\"fusion-tab-heading\"><i class=\"fontawesome-icon icon-ui-settings\" aria-hidden=\"true\" style=\"font-size:22px; --icon-color:#444444;--icon-active-color:#f9a513;\"><\/i>Tag 4 - Mittwoch, 25. September  <\/h5><\/a><\/li><li role=\"presentation\"><a class=\"tab-link\" data-toggle=\"tab\" role=\"tab\" aria-controls=\"tab-15a6a4e8da31fd410bc\" aria-selected=\"false\" tabindex=\"-1\" id=\"fusion-tab-tag5-donnerstag,26.september\" href=\"#tab-15a6a4e8da31fd410bc\"><h5 class=\"fusion-tab-heading\"><i class=\"fontawesome-icon icon-ui-settings\" aria-hidden=\"true\" style=\"font-size:22px; --icon-color:#444444;--icon-active-color:#f9a513;\"><\/i>  Tag 5 - Donnerstag, 26. September  <\/h5><\/a><\/li><li role=\"presentation\"><a class=\"tab-link\" data-toggle=\"tab\" role=\"tab\" aria-controls=\"tab-740ed48d0eaa4f821e0\" aria-selected=\"false\" tabindex=\"-1\" id=\"fusion-tab-tag6-freitag,27.september\" href=\"#tab-740ed48d0eaa4f821e0\"><h5 class=\"fusion-tab-heading\"><i class=\"fontawesome-icon icon-ui-settings\" aria-hidden=\"true\" style=\"font-size:22px; --icon-color:#444444;--icon-active-color:#f9a513;\"><\/i>Tag 6 - Freitag, 27. September  <\/h5><\/a><\/li><li role=\"presentation\"><a class=\"tab-link\" data-toggle=\"tab\" role=\"tab\" aria-controls=\"tab-7a40ebd3e6b2eeb3126\" aria-selected=\"false\" tabindex=\"-1\" id=\"fusion-tab-tag7-samstag,28.september-ecotrailraceday\" href=\"#tab-7a40ebd3e6b2eeb3126\"><h5 class=\"fusion-tab-heading\"><i class=\"fontawesome-icon icon-ui-settings\" aria-hidden=\"true\" style=\"font-size:22px; --icon-color:#444444;--icon-active-color:#f9a513;\"><\/i>Tag 7 - Samstag, 28. September - ECOTRAIL RACE DAY  <\/h5><\/a><\/li><li role=\"presentation\"><a class=\"tab-link\" data-toggle=\"tab\" role=\"tab\" aria-controls=\"tab-cd72966b3417e0fb296\" aria-selected=\"false\" tabindex=\"-1\" id=\"fusion-tab-tag8-sonntag,29.september\" href=\"#tab-cd72966b3417e0fb296\"><h5 class=\"fusion-tab-heading\"><i class=\"fontawesome-icon icon-ui-settings\" aria-hidden=\"true\" style=\"font-size:22px; --icon-color:#444444;--icon-active-color:#f9a513;\"><\/i>Tag 8 - Sonntag, 29. September  <\/h5><\/a><\/li><\/ul><\/div><div class=\"tab-content\"><div class=\"nav fusion-mobile-tab-nav\"><ul class=\"nav-tabs\" role=\"tablist\"><li class=\"active\" role=\"presentation\"><a class=\"tab-link\" data-toggle=\"tab\" role=\"tab\" aria-controls=\"tab-f3c22b9ee04cd29977d\" aria-selected=\"true\" id=\"mobile-fusion-tab-tag1-sonntag,22.september\" href=\"#tab-f3c22b9ee04cd29977d\"><h5 class=\"fusion-tab-heading\"><i class=\"fontawesome-icon icon-ui-home\" aria-hidden=\"true\" style=\"font-size:22px; --icon-color:#444444;--icon-active-color:#f9a513;\"><\/i>Tag 1 - Sonntag, 22. September  <\/h5><\/a><\/li><\/ul><\/div><div class=\"tab-pane fade fusion-clearfix in active\" role=\"tabpanel\" tabindex=\"0\" aria-labelledby=\"fusion-tab-tag1-sonntag,22.september\" id=\"tab-f3c22b9ee04cd29977d\">\n<p><b><span data-contrast=\"none\">Morgen<\/span><\/b><span data-ccp-props=\"{\"> <\/span><\/p>\n<p><span data-contrast=\"none\">Landung in Pantelleria, Abholung des Mietwagens und Transfer nach Dammusi 2 Gatti<\/span><span data-ccp-props=\"{\"> <\/span><\/p>\n<p><span data-contrast=\"none\">Einchecken und Zuteilung von Dammusi &#8211; Willkommensgetr\u00e4nk<\/span><span data-ccp-props=\"{\"> <\/span><\/p>\n<p><b><span data-contrast=\"none\">Nachmittag<\/span><\/b><span data-ccp-props=\"{\"> <\/span><\/p>\n<p><span data-contrast=\"none\">H 17.00 in Dammusi 2 Gatti<\/span><span data-ccp-props=\"{\"> <\/span><\/p>\n<p><span data-contrast=\"none\">Pr\u00e4sentation der Aktivit\u00e4ten und Er\u00f6ffnung der Veranstaltung unter Beteiligung der Sponsorenorganisationen<\/span><span data-ccp-props=\"{\"> <\/span><\/p>\n<p><span data-contrast=\"none\">Lieferung des &#8222;Welcome Kit&#8220; mit lokalen Produkten der Sponsoren\/Partner der Veranstaltung<\/span><span data-ccp-props=\"{\"> <\/span><\/p>\n<p><span data-contrast=\"none\">Abendessen in einem ausgew\u00e4hlten Restaurant<\/span><span data-ccp-props=\"{\"> <\/span><\/p>\n<\/div><div class=\"nav fusion-mobile-tab-nav\"><ul class=\"nav-tabs\" role=\"tablist\"><li role=\"presentation\"><a class=\"tab-link\" data-toggle=\"tab\" role=\"tab\" aria-controls=\"tab-934fa205aab508ab2aa\" aria-selected=\"false\" tabindex=\"-1\" id=\"mobile-fusion-tab-tag2-montag,23.september\" href=\"#tab-934fa205aab508ab2aa\"><h5 class=\"fusion-tab-heading\"><i class=\"fontawesome-icon icon-ui-stats\" aria-hidden=\"true\" style=\"font-size:22px; --icon-color:#444444;--icon-active-color:#f9a513;\"><\/i>Tag 2 - Montag, 23. September  <\/h5><\/a><\/li><\/ul><\/div><div class=\"tab-pane fade fusion-clearfix\" role=\"tabpanel\" tabindex=\"0\" aria-labelledby=\"fusion-tab-tag2-montag,23.september\" id=\"tab-934fa205aab508ab2aa\">\n<p><b><span data-contrast=\"none\">Morgen<\/span><\/b><span data-ccp-props=\"{\"> <\/span><\/p>\n<p><b><span data-contrast=\"none\">H 09.00 Geoexkursion &#8211; Open Park f\u00fcr Entdeckung Pantelleria &#8211; Lungolago bagno dell&#8217;acqua &#8211; 2.0Km<\/span><\/b><span data-ccp-props=\"{\"> <\/span><\/p>\n<p><span data-contrast=\"none\">Inselrundfahrt mit dem Boot (fakultativ) mit Mittagessen an Bord. <\/span><i><br \/>\n  <span data-contrast=\"none\">Der Bootsausflug kann je nach Wetter-\/Seebedingungen verschoben werden<\/span><br \/>\n<\/i><span data-contrast=\"none\"><\/span><span data-ccp-props=\"{\"> <\/span><\/p>\n<p><b><span data-contrast=\"none\">Nachmittag<\/span><\/b><span data-ccp-props=\"{\"> <\/span><\/p>\n<p><b><span data-contrast=\"none\">H 17.00 Geoexkursion &#8211; Open Park f\u00fcr Entdeckung Pantelleria &#8211; Trekking mit Pantelleria Esel &#8211; 4.0Km<\/span><\/b><span data-ccp-props=\"{\"> <\/span><\/p>\n<p><span data-contrast=\"none\">h 18.30 Yoga-Sitzung  <\/span><span data-ccp-props=\"{\"> <\/span><\/p>\n<p><span data-contrast=\"none\">h19.30 Uhr in Dammusi 2 Gatti: Pr\u00e4sentation Briefing Erster Tag der sportlichen Aktivit\u00e4ten<\/span><span data-ccp-props=\"{\"> <\/span><\/p>\n<p><span data-contrast=\"none\">Abendessen in einem ausgew\u00e4hlten Restaurant<\/span><span data-ccp-props=\"{\"> <\/span><\/p>\n<\/div><div class=\"nav fusion-mobile-tab-nav\"><ul class=\"nav-tabs\" role=\"tablist\"><li role=\"presentation\"><a class=\"tab-link\" data-toggle=\"tab\" role=\"tab\" aria-controls=\"tab-73759e5d412b30bd83d\" aria-selected=\"false\" tabindex=\"-1\" id=\"mobile-fusion-tab-tag3-dienstag,24.september\" href=\"#tab-73759e5d412b30bd83d\"><h5 class=\"fusion-tab-heading\"><i class=\"fontawesome-icon icon-ui-settings\" aria-hidden=\"true\" style=\"font-size:22px; --icon-color:#444444;--icon-active-color:#f9a513;\"><\/i>Tag 3 - Dienstag, 24. September<\/h5><\/a><\/li><\/ul><\/div><div class=\"tab-pane fade fusion-clearfix\" role=\"tabpanel\" tabindex=\"0\" aria-labelledby=\"fusion-tab-tag3-dienstag,24.september\" id=\"tab-73759e5d412b30bd83d\">\n<p><b><span data-contrast=\"none\">Morgen<\/span><\/b><span data-ccp-props=\"{\"> <\/span><\/p>\n<p><b><span data-contrast=\"none\">Ausbildung 1:<\/span><\/b><\/p>\n<p><b><br \/>\n  <span data-contrast=\"none\">Gro\u00dfer Berg<\/span><br \/>\n<\/b><span data-contrast=\"none\"> &#8211; <\/span><b><br \/>\n  <span data-contrast=\"none\">h 09.00<\/span><br \/>\n<\/b><span data-contrast=\"none\"> Abreise und Ankunft in Dammusi 2 Gatti<\/span><span data-ccp-props=\"{\"> <\/span><\/p>\n<p><b><br \/>\n  <span data-contrast=\"none\">Trekking\/Wanderung<\/span><br \/>\n<\/b><span data-contrast=\"none\"><b><br \/>\n  <span data-contrast=\"none\">7,0 km<\/span><br \/>\n<\/b><span data-contrast=\"none\"> mit mt 320D+\/-<\/span> <span data-contrast=\"none\"><b><br \/>\n  <span data-contrast=\"none\">Laufen 13,3 km<\/span><br \/>\n<\/b><span data-contrast=\"none\">mit 720 Metern D+\/-<\/span><\/span><\/span><span data-ccp-props=\"{\"> <\/span><\/p>\n<p><b><span data-contrast=\"none\">Nachmittag<\/span><\/b><span data-ccp-props=\"{\"> <\/span><\/p>\n<p><span data-contrast=\"none\">Kostenlose Aktivit\u00e4t &#8211; Massage-Service im Dammusi<\/span><span data-ccp-props=\"{\"> <\/span><\/p>\n<p><span data-contrast=\"none\">h 19.00 Aperitif\/Abendessen in der Weinkellerei und Capperificio Az. Agricola Bonomo mit Verkostung von typischen Pantelleria-Produkten und Wein<\/span><span data-ccp-props=\"{\"> <\/span><\/p>\n<\/div><div class=\"nav fusion-mobile-tab-nav\"><ul class=\"nav-tabs\" role=\"tablist\"><li role=\"presentation\"><a class=\"tab-link\" data-toggle=\"tab\" role=\"tab\" aria-controls=\"tab-c0ed947f3a48923ad8c\" aria-selected=\"false\" tabindex=\"-1\" id=\"mobile-fusion-tab-tag4-mittwoch,25.september\" href=\"#tab-c0ed947f3a48923ad8c\"><h5 class=\"fusion-tab-heading\"><i class=\"fontawesome-icon icon-ui-settings\" aria-hidden=\"true\" style=\"font-size:22px; --icon-color:#444444;--icon-active-color:#f9a513;\"><\/i>Tag 4 - Mittwoch, 25. September  <\/h5><\/a><\/li><\/ul><\/div><div class=\"tab-pane fade fusion-clearfix\" role=\"tabpanel\" tabindex=\"0\" aria-labelledby=\"fusion-tab-tag4-mittwoch,25.september\" id=\"tab-c0ed947f3a48923ad8c\">\n<p><b><span data-contrast=\"none\">Morgen<\/span><\/b><span data-ccp-props=\"{\"> <\/span><\/p>\n<p><b><span data-contrast=\"none\">H 09.00 Geoexcursion &#8211; Open Park f\u00fcr die Entdeckung Pantelleria &#8211; Auf den Laven von Khaggiar &#8211; Punta Spadillo &#8211; 1.0Km<\/span><\/b><span data-ccp-props=\"{\"> <\/span><\/p>\n<p><b><span data-contrast=\"none\">Nachmittag<\/span><\/b><span data-ccp-props=\"{\"> <\/span><\/p>\n<p><span data-contrast=\"none\">Kostenlose Aktivit\u00e4t &#8211; Massage-Service im Dammusi<\/span><span data-ccp-props=\"{\"> <\/span><\/p>\n<p><span data-contrast=\"none\">h 18.30 Yoga-Sitzung  <\/span><span data-ccp-props=\"{\"> <\/span><\/p>\n<p><span data-contrast=\"none\">h19.30 Uhr in Dammusi 2 Gatti: Besprechung der technischen Pr\u00e4sentation Zweiter Tag der sportlichen Aktivit\u00e4ten<\/span><span data-ccp-props=\"{\"> <\/span><\/p>\n<p><span data-contrast=\"none\">Abendessen in einem ausgew\u00e4hlten Restaurant<\/span><span data-ccp-props=\"{\"> <\/span><\/p>\n<\/div><div class=\"nav fusion-mobile-tab-nav\"><ul class=\"nav-tabs\" role=\"tablist\"><li role=\"presentation\"><a class=\"tab-link\" data-toggle=\"tab\" role=\"tab\" aria-controls=\"tab-15a6a4e8da31fd410bc\" aria-selected=\"false\" tabindex=\"-1\" id=\"mobile-fusion-tab-tag5-donnerstag,26.september\" href=\"#tab-15a6a4e8da31fd410bc\"><h5 class=\"fusion-tab-heading\"><i class=\"fontawesome-icon icon-ui-settings\" aria-hidden=\"true\" style=\"font-size:22px; --icon-color:#444444;--icon-active-color:#f9a513;\"><\/i>  Tag 5 - Donnerstag, 26. September  <\/h5><\/a><\/li><\/ul><\/div><div class=\"tab-pane fade fusion-clearfix\" role=\"tabpanel\" tabindex=\"0\" aria-labelledby=\"fusion-tab-tag5-donnerstag,26.september\" id=\"tab-15a6a4e8da31fd410bc\">\n<p><b><span data-contrast=\"none\">Morgen<\/span><\/b><span data-ccp-props=\"{\"> <\/span><\/p>\n<p><b><span data-contrast=\"none\">Ausbildung 2:<\/span><\/b><\/p>\n<p><b><br \/>\n  <span data-contrast=\"none\">Balata dei Turchi<\/span><br \/>\n<\/b><span data-contrast=\"none\"> &#8211; <\/span><b><br \/>\n  <span data-contrast=\"none\">h 09.00<\/span><br \/>\n<\/b><span data-contrast=\"none\"> Abfahrt und Ankunft im Weingut Bonomo<\/span><span data-ccp-props=\"{\"> <\/span><\/p>\n<p><b><br \/>\n  <span data-contrast=\"none\">Trekking\/Wanderung<\/span><br \/>\n<\/b><span data-contrast=\"none\"><b><br \/>\n  <span data-contrast=\"none\">8,5 km<\/span><br \/>\n<\/b> <span data-contrast=\"none\">mit 317 m D+\/-<\/span> <b><br \/>\n  <span data-contrast=\"none\">Laufen 14,5 km<\/span><br \/>\n<\/b><span data-contrast=\"none\">mit 550mt D+\/-<\/span><\/span><span data-ccp-props=\"{\"> <\/span><\/p>\n<p><b><span data-contrast=\"none\">Nachmittag<\/span><\/b><span data-ccp-props=\"{\"> <\/span><\/p>\n<p><span data-contrast=\"none\">Dammusi Massagedienst<\/span><span data-ccp-props=\"{\"> <\/span><\/p>\n<p><span data-contrast=\"none\">h 17.30 Yoga-Sitzung<\/span><span data-ccp-props=\"{\"> <\/span><\/p>\n<p><span data-contrast=\"none\">  h 18.30 Uhr F\u00fchrung durch das Kaper-Museum<\/span><span data-ccp-props=\"{\"> <\/span><\/p>\n<p><span data-contrast=\"none\">Abendessen in einem ausgew\u00e4hlten Restaurant<\/span><span data-ccp-props=\"{\"> <\/span><\/p>\n<\/div><div class=\"nav fusion-mobile-tab-nav\"><ul class=\"nav-tabs\" role=\"tablist\"><li role=\"presentation\"><a class=\"tab-link\" data-toggle=\"tab\" role=\"tab\" aria-controls=\"tab-740ed48d0eaa4f821e0\" aria-selected=\"false\" tabindex=\"-1\" id=\"mobile-fusion-tab-tag6-freitag,27.september\" href=\"#tab-740ed48d0eaa4f821e0\"><h5 class=\"fusion-tab-heading\"><i class=\"fontawesome-icon icon-ui-settings\" aria-hidden=\"true\" style=\"font-size:22px; --icon-color:#444444;--icon-active-color:#f9a513;\"><\/i>Tag 6 - Freitag, 27. September  <\/h5><\/a><\/li><\/ul><\/div><div class=\"tab-pane fade fusion-clearfix\" role=\"tabpanel\" tabindex=\"0\" aria-labelledby=\"fusion-tab-tag6-freitag,27.september\" id=\"tab-740ed48d0eaa4f821e0\">\n<p><b><span data-contrast=\"none\">Morgen<\/span><\/b><span data-ccp-props=\"{\"> <\/span><\/p>\n<p><span data-contrast=\"none\">M\u00f6glichkeit zum Besuch des Elefantenbogens und der Cala Gadir mit ihren in den Fels gehauenen Thermalwasserbecken<\/span><span data-ccp-props=\"{\"> <\/span><\/p>\n<p><b><span data-contrast=\"none\">Nachmittag<\/span><\/b><span data-ccp-props=\"{\"> <\/span><\/p>\n<p><span data-contrast=\"none\">Dammusi Massagedienst<\/span><span data-ccp-props=\"{\"> <\/span><\/p>\n<ol start=\"17\">\n<li><span data-contrast=\"none\">  17.30 Uhr Treffen im Vulkanologischen Museum von Punta Spadillo, \u00dcbergabe der Startnummern und Pr\u00e4sentation und &#8222;Pantelleria Trail&#8220;.<\/span><\/li>\n<li><span data-contrast=\"none\">  18.00 Gr\u00fc\u00dfe von den Beh\u00f6rden<\/span><span data-ccp-props=\"{\"> <\/span><\/li>\n<li> <span data-contrast=\"none\"> 18.30 Uhr Pantelleria Trail technische Einweisung, gefolgt von <\/span><b><br \/>\n  <span data-contrast=\"none\">Aperitif, organisiert vom <\/span><br \/>\n<\/b><b><br \/>\n  <span data-contrast=\"none\">Nationalpark der Insel Pantelleria<\/span><br \/>\n<\/b><\/li>\n<\/ol>\n<p><span data-contrast=\"none\">Abendessen in einem ausgew\u00e4hlten Restaurant<\/span><span data-ccp-props=\"{\"> <\/span><\/p>\n<\/div><div class=\"nav fusion-mobile-tab-nav\"><ul class=\"nav-tabs\" role=\"tablist\"><li role=\"presentation\"><a class=\"tab-link\" data-toggle=\"tab\" role=\"tab\" aria-controls=\"tab-7a40ebd3e6b2eeb3126\" aria-selected=\"false\" tabindex=\"-1\" id=\"mobile-fusion-tab-tag7-samstag,28.september-ecotrailraceday\" href=\"#tab-7a40ebd3e6b2eeb3126\"><h5 class=\"fusion-tab-heading\"><i class=\"fontawesome-icon icon-ui-settings\" aria-hidden=\"true\" style=\"font-size:22px; --icon-color:#444444;--icon-active-color:#f9a513;\"><\/i>Tag 7 - Samstag, 28. September - ECOTRAIL RACE DAY  <\/h5><\/a><\/li><\/ul><\/div><div class=\"tab-pane fade fusion-clearfix\" role=\"tabpanel\" tabindex=\"0\" aria-labelledby=\"fusion-tab-tag7-samstag,28.september-ecotrailraceday\" id=\"tab-7a40ebd3e6b2eeb3126\">\n<p><span data-contrast=\"none\">Versuch g\u00fcltig als Etappe der Strecke<\/span><b><br \/>\n  <span data-contrast=\"none\">ECOTRAIL SICILIA 2024 &#8211; PANTELLERIA-STRECKE <\/span><br \/>\n<\/b><span data-contrast=\"none\">Start\/Ziel in Punta Spadillo<\/span><span data-ccp-props=\"{\"> <\/span><\/p>\n<p><span data-ccp-props=\"{\"> <\/span><\/p>\n<p><b><span data-contrast=\"none\">Langer Wanderweg ohne Wettbewerb &#8211; Start um 09.00 Uhr.<\/span><\/b><span data-ccp-props=\"{\"> <\/span><\/p>\n<p><span data-contrast=\"none\">18 KM 670 m<\/span><span data-contrast=\"none\">t D+\/-<\/span><span data-contrast=\"none\"> Nicht wettbewerbsf\u00e4hig<\/span><span data-ccp-props=\"{\"> <\/span><\/p>\n<p><b><br \/>\n  <span data-contrast=\"none\">GELFISER TRAIL<\/span><br \/>\n<\/b><b><br \/>\n  <span data-contrast=\"none\">Wettbewerb <\/span><br \/>\n<\/b><b><br \/>\n  <span data-contrast=\"none\">&#8211; Start um 9 Uhr.<\/span><br \/>\n<\/b><span data-ccp-props=\"{\"> <\/span><\/p>\n<p><span data-contrast=\"none\">18 KM 670 m<\/span><span data-contrast=\"none\">t D+\/-<\/span><span data-contrast=\"none\">Wettbewerbsf\u00e4hig mit individueller Zeiterfassung.<\/span><span data-ccp-props=\"{\"> <\/span><\/p>\n<p><b><br \/>\n  <span data-contrast=\"none\">BERG GROSSER WEG<\/span><br \/>\n<\/b><b><br \/>\n  <span data-contrast=\"none\">Wettbewerb <\/span><br \/>\n<\/b><b><br \/>\n  <span data-contrast=\"none\">&#8211; Start um 9 Uhr.<\/span><br \/>\n<\/b><span data-ccp-props=\"{\"> <\/span><\/p>\n<p><span data-contrast=\"none\">25 KM 1022 m<\/span><span data-contrast=\"none\">t D+\/-<\/span><span data-contrast=\"none\">Wettbewerbsf\u00e4hig mit individueller Zeiterfassung.<\/span><span data-ccp-props=\"{\"> <\/span><\/p>\n<p><b><br \/>\n  <span data-contrast=\"none\">PANTELLERIEPFAD<\/span><br \/>\n<\/b><span data-contrast=\"none\"><b><br \/>\n  <span data-contrast=\"none\">Wettbewerb<\/span><br \/>\n<\/b><b><br \/>\n  <span data-contrast=\"none\">&#8211; Start um 9 Uhr.<\/span><br \/>\n<\/b><\/span><span data-ccp-props=\"{\"> <\/span><\/p>\n<p><span data-contrast=\"none\">36 KM 1820 m D+\/- Wettbewerbsf\u00e4hig mit individueller Zeitmessung.<\/span><span data-ccp-props=\"{\"> <\/span><\/p>\n<p><b><span data-contrast=\"none\">Walktrail Corto Nicht wettbewerbsorientiert &#8211; Start um 10.00 Uhr.<\/span><\/b><span data-ccp-props=\"{\"> <\/span><\/p>\n<p><span data-contrast=\"none\">8,7 KM 221 m D+\/- Nicht konkurrenzf\u00e4hig<\/span><b><span data-contrast=\"none\"> <\/span><\/b><span data-ccp-props=\"{\"> <\/span><\/p>\n<p><span data-ccp-props=\"{\"> <\/span><\/p>\n<p><b><br \/>\n  <span data-contrast=\"none\">Zum dritten Mal vor Ort mit Gerichten, die den angemeldeten Teilnehmern vom <\/span><br \/>\n<\/b><b><br \/>\n  <span data-contrast=\"none\">Nationalpark der Insel Pantelleria<\/span><br \/>\n<\/b><span data-ccp-props=\"{\"> <\/span><\/p>\n<p><b><span data-contrast=\"none\">Nachmittag<\/span><\/b><span data-ccp-props=\"{\"> <\/span><\/p>\n<p><span data-contrast=\"none\">Freie Aktivit\u00e4t &#8211; M\u00f6glichkeit zur Besichtigung des Zentrums von Pantelleria auf der Suche nach den vielen typischen handwerklichen Produkten.<\/span><span data-ccp-props=\"{\"> <\/span><\/p>\n<p><span data-contrast=\"none\">h19.00 Treffpunkt am <\/span><b><br \/>\n  <span data-contrast=\"none\">Mursia Resort<\/span><br \/>\n<\/b><span data-contrast=\"none\"> f\u00fcr die Preisverleihung der einzelnen Kategorien und des Tages mit den vielen typischen Produkten, die von Vertretern lokaler Institutionen durchgef\u00fchrt werden<\/span><span data-ccp-props=\"{\"> <\/span><\/p>\n<p><span data-contrast=\"none\">h 20.00 Abschlussveranstaltung mit Verkostungsbuffet<\/span><span data-contrast=\"none\"> <\/span><span data-ccp-props=\"{\"> <\/span><\/p>\n<\/div><div class=\"nav fusion-mobile-tab-nav\"><ul class=\"nav-tabs\" role=\"tablist\"><li role=\"presentation\"><a class=\"tab-link\" data-toggle=\"tab\" role=\"tab\" aria-controls=\"tab-cd72966b3417e0fb296\" aria-selected=\"false\" tabindex=\"-1\" id=\"mobile-fusion-tab-tag8-sonntag,29.september\" href=\"#tab-cd72966b3417e0fb296\"><h5 class=\"fusion-tab-heading\"><i class=\"fontawesome-icon icon-ui-settings\" aria-hidden=\"true\" style=\"font-size:22px; --icon-color:#444444;--icon-active-color:#f9a513;\"><\/i>Tag 8 - Sonntag, 29. September  <\/h5><\/a><\/li><\/ul><\/div><div class=\"tab-pane fade fusion-clearfix\" role=\"tabpanel\" tabindex=\"0\" aria-labelledby=\"fusion-tab-tag8-sonntag,29.september\" id=\"tab-cd72966b3417e0fb296\">\n<p><b><span data-contrast=\"none\">Morgen<\/span><\/b><span data-ccp-props=\"{\"> <\/span><\/p>\n<p><span data-contrast=\"none\">Transfer zum Flughafen, R\u00fcckgabe des Mietwagens und R\u00fcckflug<\/span><span data-ccp-props=\"{\"> <\/span><\/p>\n<\/div><\/div><\/div><\/div><\/div><\/div><\/div><div class=\"fusion-fullwidth fullwidth-box fusion-builder-row-4 fusion-flex-container has-pattern-background has-mask-background nonhundred-percent-fullwidth non-hundred-percent-height-scrolling\" style=\"--awb-border-radius-top-left:0px;--awb-border-radius-top-right:0px;--awb-border-radius-bottom-right:0px;--awb-border-radius-bottom-left:0px;--awb-flex-wrap:wrap;\" ><div class=\"fusion-builder-row fusion-row fusion-flex-align-items-flex-start fusion-flex-content-wrap\" style=\"max-width:1248px;margin-left: calc(-4% \/ 2 );margin-right: calc(-4% \/ 2 );\"><div class=\"fusion-layout-column fusion_builder_column fusion-builder-column-3 fusion_builder_column_1_1 1_1 fusion-flex-column\" style=\"--awb-bg-size:cover;--awb-width-large:100%;--awb-margin-top-large:0px;--awb-spacing-right-large:1.92%;--awb-margin-bottom-large:20px;--awb-spacing-left-large:1.92%;--awb-width-medium:100%;--awb-order-medium:0;--awb-spacing-right-medium:1.92%;--awb-spacing-left-medium:1.92%;--awb-width-small:100%;--awb-order-small:0;--awb-spacing-right-small:1.92%;--awb-spacing-left-small:1.92%;\"><div class=\"fusion-column-wrapper fusion-column-has-shadow fusion-flex-justify-content-flex-start fusion-content-layout-column\"><div class=\"fusion-title title fusion-title-4 fusion-sep-none fusion-title-text fusion-title-size-three\"><h3 class=\"fusion-title-heading title-heading-left\" style=\"margin:0;\">Informationen<\/h3><\/div><div class=\"fusion-text fusion-text-1\"><p>Um die Teilnahmegeb\u00fchren zu erfahren, klicken Sie <a href=\"https:\/\/veronamarathonexplore.it\/quote-di-partecipazione-la-sportiva-pantellerie\/\">hier<\/a><\/p>\n<p>F\u00fcr weitere Informationen oder zur Anmeldung senden Sie bitte eine E-Mail an <a href=\"mailto:travel@veronamarathonteam.it\">travel@veronamarathonteam.it<\/a><\/p>\n<\/div><\/div><\/div><\/div><\/div><\/p>\n","protected":false},"excerpt":{"rendered":"","protected":false},"author":1,"featured_media":0,"parent":0,"menu_order":0,"comment_status":"closed","ping_status":"closed","template":"","meta":{"footnotes":""},"_links":{"self":[{"href":"https:\/\/veronamarathonexplore.it\/de\/wp-json\/wp\/v2\/pages\/5404"}],"collection":[{"href":"https:\/\/veronamarathonexplore.it\/de\/wp-json\/wp\/v2\/pages"}],"about":[{"href":"https:\/\/veronamarathonexplore.it\/de\/wp-json\/wp\/v2\/types\/page"}],"author":[{"embeddable":true,"href":"https:\/\/veronamarathonexplore.it\/de\/wp-json\/wp\/v2\/users\/1"}],"replies":[{"embeddable":true,"href":"https:\/\/veronamarathonexplore.it\/de\/wp-json\/wp\/v2\/comments?post=5404"}],"version-history":[{"count":5,"href":"https:\/\/veronamarathonexplore.it\/de\/wp-json\/wp\/v2\/pages\/5404\/revisions"}],"predecessor-version":[{"id":5409,"href":"https:\/\/veronamarathonexplore.it\/de\/wp-json\/wp\/v2\/pages\/5404\/revisions\/5409"}],"wp:attachment":[{"href":"https:\/\/veronamarathonexplore.it\/de\/wp-json\/wp\/v2\/media?parent=5404"}],"curies":[{"name":"wp","href":"https:\/\/api.w.org\/{rel}","templated":true}]}}