{"id":5433,"date":"2024-03-21T16:03:39","date_gmt":"2024-03-21T16:03:39","guid":{"rendered":"https:\/\/veronamarathonexplore.it\/verordnungen-discovery-pantelleria\/"},"modified":"2024-03-21T16:03:40","modified_gmt":"2024-03-21T16:03:40","slug":"verordnungen-discovery-pantelleria","status":"publish","type":"page","link":"https:\/\/veronamarathonexplore.it\/de\/verordnungen-discovery-pantelleria\/","title":{"rendered":"Verordnungen DISCOVERY PANTELLERIA"},"content":{"rendered":"<p><div class=\"fusion-fullwidth fullwidth-box fusion-builder-row-1 fusion-flex-container has-pattern-background has-mask-background nonhundred-percent-fullwidth non-hundred-percent-height-scrolling\" style=\"--awb-border-radius-top-left:0px;--awb-border-radius-top-right:0px;--awb-border-radius-bottom-right:0px;--awb-border-radius-bottom-left:0px;--awb-flex-wrap:wrap;\" ><div class=\"fusion-builder-row fusion-row fusion-flex-align-items-flex-start fusion-flex-content-wrap\" style=\"max-width:1248px;margin-left: calc(-4% \/ 2 );margin-right: calc(-4% \/ 2 );\"><div class=\"fusion-layout-column fusion_builder_column fusion-builder-column-0 fusion_builder_column_1_1 1_1 fusion-flex-column\" style=\"--awb-bg-size:cover;--awb-width-large:100%;--awb-margin-top-large:0px;--awb-spacing-right-large:1.92%;--awb-margin-bottom-large:20px;--awb-spacing-left-large:1.92%;--awb-width-medium:100%;--awb-order-medium:0;--awb-spacing-right-medium:1.92%;--awb-spacing-left-medium:1.92%;--awb-width-small:100%;--awb-order-small:0;--awb-spacing-right-small:1.92%;--awb-spacing-left-small:1.92%;\"><div class=\"fusion-column-wrapper fusion-column-has-shadow fusion-flex-justify-content-flex-start fusion-content-layout-column\"><div class=\"fusion-content-boxes content-boxes columns row fusion-columns-1 fusion-columns-total-15 fusion-content-boxes-1 content-boxes-timeline-vertical content-left content-boxes-timeline-layout content-boxes-icon-with-title fusion-delayed-animation\" style=\"--awb-backgroundcolor:#f1f4f6;--awb-body-color:#727279;--awb-title-color:#1d1d1f;--awb-iconcolor:#ffffff;--awb-hover-accent-color:#1d1d1f;--awb-circle-hover-accent-color:#1d1d1f;--awb-item-margin-bottom:40px;\" data-animation-delay=\"350\" data-animationOffset=\"top-into-view\"><div style=\"--awb-backgroundcolor:#f1f4f6;--awb-iconcolor:#ffffff;--awb-content-padding-left:70px;\" class=\"fusion-column content-box-column content-box-column content-box-column-1 col-lg-12 col-md-12 col-sm-12 fusion-content-box-hover content-box-column-last-in-row\"><div class=\"col content-box-wrapper content-wrapper-background link-area-link-icon content-icon-wrapper-yes icon-hover-animation-fade fusion-animated\" data-animationType=\"fadeIn\" data-animationDuration=\"0.25\" data-animationOffset=\"top-into-view\"><div class=\"heading heading-with-icon icon-left\" style=\"margin-top:11px;\"><div class=\"icon\" style=\"margin-top:-11px;margin-bottom:-11px;-webkit-animation-duration: 350ms;animation-duration: 350ms;\"><span style=\"height:48px;width:48px;line-height:24px;border-color:#007aff;border-width:1px;border-style:solid;background-color:#007aff;margin-right:20px;box-sizing:content-box;border-radius:100%;\"><i style=\"border-color:#282828;border-width:0px;background-color:#007aff;box-sizing:content-box;height:48px;width:48px;line-height:48px;border-radius:100%;position:relative;top:auto;left:auto;margin:0;border-radius:100%;font-size:24px;\" aria-hidden=\"true\" class=\"fontawesome-icon fa-theater-masks fas circle-yes\"><\/i><\/span><\/div><h4 class=\"content-box-heading\" style=\"--h4_typography-font-size:28px;line-height:33px;\">ART. 1 - Art der Veranstaltung<\/h4><\/div><div class=\"fusion-clearfix\"><\/div><div class=\"content-container\">\n<p><b><br \/>\n  <span data-contrast=\"none\">&#8222;Pantelleria Trail<\/span><br \/>\n<\/b><span data-contrast=\"none\">ist ein Trail-Running-Event f\u00fcr L\u00e4ufer, Walker und Nordic Walker, das im regionalen FIDAL-Kalender und im ACSI- und UISP-Kalender eingetragen ist, von VRM Team asd, EcotrailSicilia asd und Pantelleria Outdoor asd organisiert wird und als 6. Etappe der Strecke gilt <\/span><b><br \/>\n  <span data-contrast=\"none\">ECOTRAIL SIZILIEN 2024 RUNDKURS<\/span><br \/>\n<\/b><span data-ccp-props=\"{\"> <\/span><\/p>\n<p><span data-contrast=\"none\">Das Programm sieht 2 Teilnahmemodi vor: Wettbewerb und Nicht-Wettbewerb, um die M\u00f6glichkeit zu geben, sich mit dem Chronometer zu messen oder einfach eine gesunde und gesellige sportliche Aktivit\u00e4t in einer wundersch\u00f6nen Umgebung entlang der Wege des Nationalparks der Insel Pantelleria zu teilen:<\/span><span data-ccp-props=\"{\"> <\/span><\/p>\n<p><b><br \/>\n  <span data-contrast=\"none\">WANDERWEG\/TREKKING<\/span><br \/>\n<\/b><span data-contrast=\"none\"> (2 Routen)<\/span><span data-ccp-props=\"{\"> <\/span><\/p>\n<p><span data-contrast=\"none\">Nicht wettkampforientierte Aktivit\u00e4t f\u00fcr Wanderer und Spazierg\u00e4nger 8,7 KM 221 m D+\/- oder 18 KM 670 m<\/span><span data-contrast=\"none\">t T+\/-<\/span><span data-ccp-props=\"{\"> <\/span><\/p>\n<p><b><span data-contrast=\"none\">GELFISER TRAIL<\/span><\/b><span data-contrast=\"none\"> <\/span><span data-ccp-props=\"{\"> <\/span><\/p>\n<p><span data-contrast=\"none\">Fidalwettkampf f\u00fcr L\u00e4ufer 18 KM 670 m<\/span><span data-contrast=\"none\">t D+\/-<\/span><span data-ccp-props=\"{\"> <\/span><\/p>\n<p><b><span data-contrast=\"none\">GROSSER BERGWEG<\/span><\/b><span data-ccp-props=\"{\"> <\/span><\/p>\n<p><span data-contrast=\"none\">Gezeitenwettlauf f\u00fcr L\u00e4ufer 25 KM 1022 m<\/span><span data-contrast=\"none\">t D+\/-<\/span><span data-ccp-props=\"{\"> <\/span><\/p>\n<p><b><span data-contrast=\"none\">PANTELLERIEPFAD<\/span><\/b><span data-contrast=\"none\"> <\/span><span data-ccp-props=\"{\"> <\/span><\/p>\n<p><span data-contrast=\"none\">Fidalwettkampf f\u00fcr L\u00e4ufer 36 KM 1820 m D+\/-<\/span><span data-ccp-props=\"{\"> <\/span><\/p>\n<\/div><div class=\"content-box-shortcode-timeline-vertical\" style=\"border-color:#007aff;left:75px;top:60px;-webkit-transition-duration: 350ms;animation-duration: 350ms;\"><\/div><\/div><\/div><div style=\"--awb-backgroundcolor:#f1f4f6;--awb-iconcolor:#ffffff;--awb-content-padding-left:70px;\" class=\"fusion-column content-box-column content-box-column content-box-column-2 col-lg-12 col-md-12 col-sm-12 fusion-content-box-hover content-box-column-last-in-row\"><div class=\"col content-box-wrapper content-wrapper-background link-area-link-icon content-icon-wrapper-yes icon-hover-animation-fade fusion-animated\" data-animationType=\"fadeIn\" data-animationDuration=\"0.25\" data-animationOffset=\"top-into-view\"><div class=\"heading heading-with-icon icon-left\" style=\"margin-top:11px;\"><div class=\"icon\" style=\"margin-top:-11px;margin-bottom:-11px;-webkit-animation-duration: 350ms;animation-duration: 350ms;\"><span style=\"height:48px;width:48px;line-height:24px;border-color:#007aff;border-width:1px;border-style:solid;background-color:#007aff;margin-right:20px;box-sizing:content-box;border-radius:100%;\"><i style=\"border-color:#282828;border-width:0px;background-color:#007aff;box-sizing:content-box;height:48px;width:48px;line-height:48px;border-radius:100%;position:relative;top:auto;left:auto;margin:0;border-radius:100%;font-size:24px;\" aria-hidden=\"true\" class=\"fontawesome-icon fa-angle-double-right fas circle-yes\"><\/i><\/span><\/div><h4 class=\"content-box-heading\" style=\"--h4_typography-font-size:28px;line-height:33px;\">ART. 2 - Modalit\u00e4ten der Teilnahme und Anmeldung  <\/h4><\/div><div class=\"fusion-clearfix\"><\/div><div class=\"content-container\">\n<p><b><br \/>\n  <span data-contrast=\"none\">Non-competitive &#8218;Walktrail&#8216; Trekking \/ Wanderer<\/span><br \/>\n<\/b><span data-contrast=\"none\">\/ <\/span><b><br \/>\n  <span data-contrast=\"none\">Wanderer<\/span><br \/>\n<\/b><span data-contrast=\"none\"><\/span><span data-ccp-props=\"{\"> <\/span><\/p>\n<p><span data-contrast=\"none\">Anmeldung offen f\u00fcr alle mit einer Auswahl von 2 Strecken: 8,7 KM 221 m D+\/- oder 18 KM 670 m<\/span><span data-contrast=\"none\">t D+\/-<\/span><span data-contrast=\"none\"> <\/span><span data-ccp-props=\"{\"> <\/span><\/p>\n<p><span data-ccp-props=\"{\"> <\/span><\/p>\n<p><b><br \/>\n  <span data-contrast=\"none\">Wettbewerbsf\u00e4hig x L\u00e4ufer<\/span><br \/>\n<\/b><span data-contrast=\"none\"><b><br \/>\n  <span data-contrast=\"none\">&#8222;Gelfiser Weg&#8220; 18 K &#8211; &#8222;Montagna Grande Weg&#8220; 25 K &#8211; &#8222;Pantelleria Weg&#8220; 36 K<\/span><br \/>\n<\/b><\/span><span data-ccp-props=\"{\"> <\/span><\/p>\n<p><span data-contrast=\"none\">Die Teilnahme ist erlaubt:<\/span><span data-ccp-props=\"{\"> <\/span><\/p>\n<ul>\n<li data-leveltext=\"\uf0b7\" data-font=\"Symbol\" data-listid=\"4\" data-list-defn-props=\"{\" aria-setsize=\"-1\" data-aria-posinset=\"18\" data-aria-level=\"1\"><span data-contrast=\"none\">f\u00fcr Fidal-Mitglieder<\/span><span data-ccp-props=\"{\"> <\/span><\/li>\n<li data-leveltext=\"\uf0b7\" data-font=\"Symbol\" data-listid=\"4\" data-list-defn-props=\"{\" aria-setsize=\"-1\" data-aria-posinset=\"18\" data-aria-level=\"1\"><span data-contrast=\"none\">RUNCARD, RUNCARD Trail und EPS-Mitglieder mit einem \u00e4rztlichen Attest f\u00fcr Leistungssport.<\/span><span data-ccp-props=\"{\"> <\/span><\/li>\n<li data-leveltext=\"\uf0b7\" data-font=\"Symbol\" data-listid=\"4\" data-list-defn-props=\"{\" aria-setsize=\"-1\" data-aria-posinset=\"18\" data-aria-level=\"1\"><span data-contrast=\"none\">Nichtmitglieder k\u00f6nnen teilnehmen, wenn sie bei der Organisation eine ACSI-Mitgliedschaft und ein \u00e4rztliches Attest f\u00fcr Leistungssport beantragen.<\/span><span data-ccp-props=\"{\"> <\/span><\/li>\n<li data-leveltext=\"\uf0b7\" data-font=\"Symbol\" data-listid=\"4\" data-list-defn-props=\"{\" aria-setsize=\"-1\" data-aria-posinset=\"18\" data-aria-level=\"1\"><span data-contrast=\"none\">Athleten mit nicht-italienischer Staatsangeh\u00f6rigkeit m\u00fcssen eine \u00e4rztliche Bescheinigung \u00fcber die Sporttauglichkeit vorlegen.<\/span><span data-ccp-props=\"{\"> <\/span><\/li>\n<\/ul>\n<p><span data-contrast=\"none\">Die Teilnehmer an den Wettk\u00e4mpfen m\u00fcssen am Tag der Veranstaltung vollj\u00e4hrig sein.<\/span><span data-ccp-props=\"{\"> <\/span><\/p>\n<p><b><br \/>\n  <span data-contrast=\"none\">Anmeldung<\/span><br \/>\n<\/b><span data-contrast=\"none\"><\/span><span data-ccp-props=\"{\"> <\/span><\/p>\n<p><span data-contrast=\"none\">Sie m\u00fcssen online durchgef\u00fchrt werden.<\/span><\/p>\n<p><b><span data-contrast=\"none\">Die Teilnehmer an den Programmen GELFISER TRAIL, MONTAGNA GRANDE TRAIL und PANTELLERIA TRAIL m\u00fcssen zum Zeitpunkt der Veranstaltung ein g\u00fcltiges sport\u00e4rztliches Attest \u00fcber die Wettkampftauglichkeit vorlegen.<\/span><\/b><span data-contrast=\"none\"><\/span><span data-ccp-props=\"{\"> <\/span><\/p>\n<p><span data-contrast=\"none\">Bei der Anmeldung unterzeichnen die Teilnehmer eine Erkl\u00e4rung, mit der sie die Organisation von der Haftung entbinden, und m\u00fcssen die f\u00fcr die erste Hilfe erforderlichen Angaben machen (Blutgruppe, eventuelle Allergien gegen Medikamente oder Lebensmittel usw.).<\/span><span data-ccp-props=\"{\"> <\/span><\/p>\n<\/div><div class=\"content-box-shortcode-timeline-vertical\" style=\"border-color:#007aff;left:75px;top:60px;-webkit-transition-duration: 350ms;animation-duration: 350ms;\"><\/div><\/div><\/div><div style=\"--awb-backgroundcolor:#f1f4f6;--awb-iconcolor:#ffffff;--awb-content-padding-left:70px;\" class=\"fusion-column content-box-column content-box-column content-box-column-3 col-lg-12 col-md-12 col-sm-12 fusion-content-box-hover content-box-column-last-in-row\"><div class=\"col content-box-wrapper content-wrapper-background link-area-link-icon content-icon-wrapper-yes icon-hover-animation-fade fusion-animated\" data-animationType=\"fadeIn\" data-animationDuration=\"0.25\" data-animationOffset=\"top-into-view\"><div class=\"heading heading-with-icon icon-left\" style=\"margin-top:11px;\"><div class=\"icon\" style=\"margin-top:-11px;margin-bottom:-11px;-webkit-animation-duration: 350ms;animation-duration: 350ms;\"><span style=\"height:48px;width:48px;line-height:24px;border-color:#007aff;border-width:1px;border-style:solid;background-color:#007aff;margin-right:20px;box-sizing:content-box;border-radius:100%;\"><i style=\"border-color:#282828;border-width:0px;background-color:#007aff;box-sizing:content-box;height:48px;width:48px;line-height:48px;border-radius:100%;position:relative;top:auto;left:auto;margin:0;border-radius:100%;font-size:24px;\" aria-hidden=\"true\" class=\"fontawesome-icon fa-wallet fas circle-yes\"><\/i><\/span><\/div><h4 class=\"content-box-heading\" style=\"--h4_typography-font-size:28px;line-height:33px;\">ART. 3 - Anmeldegeb\u00fchren  <\/h4><\/div><div class=\"fusion-clearfix\"><\/div><div class=\"content-container\">\n<p><b><br \/>\n  <span data-contrast=\"none\">Walk Trail\/Trekking\/Familienlauf <\/span><br \/>\n<\/b><b><br \/>\n  <span data-contrast=\"none\">NICHT-WETTKAMPF<\/span><br \/>\n<\/b><span data-ccp-props=\"{\"> <\/span><\/p>\n<p><span data-contrast=\"none\">Kurze Strecke 9 km<\/span> <span data-contrast=\"none\">Euro 15,00= <\/span> <span data-ccp-props=\"{\"> <\/span><\/p>\n<p><span data-contrast=\"none\">Lange Strecke 16,7 km<\/span><span data-contrast=\"none\"> <\/span><span data-contrast=\"none\">Euro 20,00=  <\/span><span data-ccp-props=\"{\"> <\/span><\/p>\n<p><span data-contrast=\"none\"><\/span><span data-contrast=\"none\"><\/span> <span data-contrast=\"none\"> <\/span><span data-ccp-props=\"{\"> <\/span><\/p>\n<p><b><br \/>\n  <span data-contrast=\"none\">Gelfiser Weg <\/span><br \/>\n<\/b><b><br \/>\n  <span data-contrast=\"none\">WETTBEWERBSF\u00c4HIG<\/span><br \/>\n<\/b><span data-ccp-props=\"{\"> <\/span><\/p>\n<p><span data-contrast=\"none\">bis 31.07.2024<\/span> <span data-contrast=\"none\">Euro 25,00= <\/span> <span data-ccp-props=\"{\"> <\/span><\/p>\n<p><span data-contrast=\"none\">vom 01.08.2024 bis 26.09.2024<\/span> <span data-contrast=\"none\">Euro 30,00=<\/span><span data-ccp-props=\"{\"> <\/span><\/p>\n<p><span data-contrast=\"none\">27. September<\/span> <span data-contrast=\"none\">Euro 35,00=<\/span><b><span data-contrast=\"none\"> <\/span><\/b><span data-ccp-props=\"{\"> <\/span><\/p>\n<p><span data-ccp-props=\"{\"> <\/span><\/p>\n<p><b><br \/>\n  <span data-contrast=\"none\">Gro\u00dfer Bergweg <\/span><br \/>\n<\/b><b><br \/>\n  <span data-contrast=\"none\">WETTBEWERBSF\u00c4HIG<\/span><br \/>\n<\/b><span data-ccp-props=\"{\"> <\/span><\/p>\n<p><span data-contrast=\"none\">bis 31.07.2024<\/span> <span data-contrast=\"none\">Euro 30,00= <\/span> <span data-ccp-props=\"{\"> <\/span><\/p>\n<p><span data-contrast=\"none\">vom 01.08.2024 bis 26.09.2024<\/span> <span data-contrast=\"none\">Euro 35,00=<\/span><span data-ccp-props=\"{\"> <\/span><\/p>\n<p><span data-contrast=\"none\">27. September<\/span> <span data-contrast=\"none\">Euro 40,00=<\/span><b><span data-contrast=\"none\"> <\/span><\/b><span data-ccp-props=\"{\"> <\/span><\/p>\n<p><span data-ccp-props=\"{\"> <\/span><\/p>\n<p><b><br \/>\n  <span data-contrast=\"none\">Pantelleria-Pfad <\/span><br \/>\n<\/b><b><br \/>\n  <span data-contrast=\"none\">WETTBEWERBSF\u00c4HIG<\/span><br \/>\n<\/b><span data-ccp-props=\"{\"> <\/span><\/p>\n<p><span data-contrast=\"none\">bis 31.07.2024<\/span> <span data-contrast=\"none\">Euro 40,00= <\/span> <span data-ccp-props=\"{\"> <\/span><\/p>\n<p><span data-contrast=\"none\">vom 01.08.2024 bis 26.09.2024<\/span> <span data-contrast=\"none\">Euro 45,00=<\/span><span data-ccp-props=\"{\"> <\/span><\/p>\n<p><span data-contrast=\"none\">27. September<\/span> <span data-contrast=\"none\">Euro 50,00=<\/span><span data-ccp-props=\"{\"> <\/span><\/p>\n<\/div><div class=\"content-box-shortcode-timeline-vertical\" style=\"border-color:#007aff;left:75px;top:60px;-webkit-transition-duration: 350ms;animation-duration: 350ms;\"><\/div><\/div><\/div><div style=\"--awb-backgroundcolor:#f1f4f6;--awb-iconcolor:#ffffff;--awb-content-padding-left:70px;\" class=\"fusion-column content-box-column content-box-column content-box-column-4 col-lg-12 col-md-12 col-sm-12 fusion-content-box-hover content-box-column-last-in-row\"><div class=\"col content-box-wrapper content-wrapper-background link-area-link-icon content-icon-wrapper-yes icon-hover-animation-fade fusion-animated\" data-animationType=\"fadeIn\" data-animationDuration=\"0.25\" data-animationOffset=\"top-into-view\"><div class=\"heading heading-with-icon icon-left\" style=\"margin-top:11px;\"><div class=\"icon\" style=\"margin-top:-11px;margin-bottom:-11px;-webkit-animation-duration: 350ms;animation-duration: 350ms;\"><span style=\"height:48px;width:48px;line-height:24px;border-color:#007aff;border-width:1px;border-style:solid;background-color:#007aff;margin-right:20px;box-sizing:content-box;border-radius:100%;\"><i style=\"border-color:#282828;border-width:0px;background-color:#007aff;box-sizing:content-box;height:48px;width:48px;line-height:48px;border-radius:100%;position:relative;top:auto;left:auto;margin:0;border-radius:100%;font-size:24px;\" aria-hidden=\"true\" class=\"fontawesome-icon fa-running fas circle-yes\"><\/i><\/span><\/div><h4 class=\"content-box-heading\" style=\"--h4_typography-font-size:28px;line-height:33px;\">ART. 4 - Ablauf des Sportprogramms \/ Zeitplan  <\/h4><\/div><div class=\"fusion-clearfix\"><\/div><div class=\"content-container\">\n<p><b><span data-contrast=\"none\">Abfahrt und Ankunft in Punta Spadillo im Vulkanologischen Museum<\/span><\/b><span data-ccp-props=\"{\"> <\/span><\/p>\n<p><a href=\"https:\/\/maps.app.goo.gl\/sHQaHoXoYwYpDVxaA\"><span data-contrast=\"none\">https:\/\/maps.app.goo.gl\/sHQaHoXoYwYpDVxaA<\/span><\/a><span data-ccp-props=\"{\"> <\/span><\/p>\n<p><span data-ccp-props=\"{\"> <\/span><\/p>\n<p><b><i><span data-contrast=\"none\">Freitag, 27. September, Punta Spadillo &#8211; Vulkanologisches Museum:<\/span><\/i><\/b><span data-ccp-props=\"{\"> <\/span><\/p>\n<p><span data-contrast=\"none\">18.00 &#8211; 20.00 Uhr L\u00e4tzchensammlung<\/span><span data-ccp-props=\"{\"> <\/span><\/p>\n<p><span data-contrast=\"none\">18.30 Pr\u00e4sentation der Veranstaltung\/Briefing<\/span><span data-ccp-props=\"{\"> <\/span><\/p>\n<p><span data-contrast=\"none\">19.30 Uhr: Begr\u00fc\u00dfungsgetr\u00e4nk<\/span><span data-ccp-props=\"{\"> <\/span><\/p>\n<p><span data-ccp-props=\"{\"> <\/span><\/p>\n<p><b><i><span data-contrast=\"none\">Samstag, 28. September, Punta Spadillo &#8211; Vulkanologisches Museum:<\/span><\/i><\/b><span data-ccp-props=\"{\"> <\/span><\/p>\n<p><span data-contrast=\"none\">7.30 Uhr Versammlung &#8211; Kontrolle der Ausr\u00fcstung<\/span><span data-ccp-props=\"{\"> <\/span><\/p>\n<p><span data-contrast=\"none\">8.30 Uhr Briefing<\/span><span data-ccp-props=\"{\"> <\/span><\/p>\n<p><span data-contrast=\"none\">9.00 Uhr Abfahrt Pantelleria Trail, Montagna Grande Trail und Gelfiser Trail + Non-competitive Walktrail\/Trekking (16,7 km lange Strecke)<\/span><span data-ccp-props=\"{\"> <\/span><\/p>\n<p><span data-contrast=\"none\">10.00 Uhr Start Walktrail\/Trekking nicht wettkampforientierte Wanderung in freiem Tempo (kurze Strecke 9 km)<\/span><span data-ccp-props=\"{\"> <\/span><\/p>\n<p><span data-contrast=\"none\">12.00 Uhr Nudelparty<\/span><span data-ccp-props=\"{\"> <\/span><\/p>\n<p><span data-contrast=\"none\">19.00 Uhr Preisverleihung am Pool des Resort Mursia mit der M\u00f6glichkeit, an der Abschlussparty der Veranstaltung mit Buffet teilzunehmen<\/span><span data-contrast=\"none\"> <\/span><span data-ccp-props=\"{\"> <\/span><\/p>\n<\/div><div class=\"content-box-shortcode-timeline-vertical\" style=\"border-color:#007aff;left:75px;top:60px;-webkit-transition-duration: 350ms;animation-duration: 350ms;\"><\/div><\/div><\/div><div style=\"--awb-backgroundcolor:#f1f4f6;--awb-iconcolor:#ffffff;--awb-content-padding-left:70px;\" class=\"fusion-column content-box-column content-box-column content-box-column-5 col-lg-12 col-md-12 col-sm-12 fusion-content-box-hover content-box-column-last-in-row\"><div class=\"col content-box-wrapper content-wrapper-background link-area-link-icon content-icon-wrapper-yes icon-hover-animation-fade fusion-animated\" data-animationType=\"fadeIn\" data-animationDuration=\"0.25\" data-animationOffset=\"top-into-view\"><div class=\"heading heading-with-icon icon-left\" style=\"margin-top:11px;\"><div class=\"icon\" style=\"margin-top:-11px;margin-bottom:-11px;-webkit-animation-duration: 350ms;animation-duration: 350ms;\"><span style=\"height:48px;width:48px;line-height:24px;border-color:#007aff;border-width:1px;border-style:solid;background-color:#007aff;margin-right:20px;box-sizing:content-box;border-radius:100%;\"><i style=\"border-color:#282828;border-width:0px;background-color:#007aff;box-sizing:content-box;height:48px;width:48px;line-height:48px;border-radius:100%;position:relative;top:auto;left:auto;margin:0;border-radius:100%;font-size:24px;\" aria-hidden=\"true\" class=\"fontawesome-icon fa-suitcase fas circle-yes\"><\/i><\/span><\/div><h4 class=\"content-box-heading\" style=\"--h4_typography-font-size:28px;line-height:33px;\">ART. 5 - Obligatorische Ausr\u00fcstung  <\/h4><\/div><div class=\"fusion-clearfix\"><\/div><div class=\"content-container\">\n<p><b><br \/>\n  <span data-contrast=\"none\">Obligatorische Ausr\u00fcstung f\u00fcr nicht wettkampforientierte Walktrail\/Trekking\/Walking-Programme:<\/span><br \/>\n<\/b><span data-contrast=\"none\"><\/span><span data-ccp-props=\"{\"> <\/span><\/p>\n<ul>\n<li data-leveltext=\"\uf0b7\" data-font=\"Symbol\" data-listid=\"1\" data-list-defn-props=\"{\" aria-setsize=\"-1\" data-aria-posinset=\"1\" data-aria-level=\"1\"><span data-contrast=\"none\">Wanderschuhe; Flip-Flops, Sandalen oder offene Schuhe sind verboten.<\/span><span data-ccp-props=\"{\"> <\/span><\/li>\n<li data-leveltext=\"\uf0b7\" data-font=\"Symbol\" data-listid=\"1\" data-list-defn-props=\"{\" aria-setsize=\"-1\" data-aria-posinset=\"2\" data-aria-level=\"1\"><span data-contrast=\"none\">Kamelr\u00fccken oder Wasserflasche oder eigenes Glas<\/span><span data-ccp-props=\"{\"> <\/span><\/li>\n<li data-leveltext=\"\uf0b7\" data-font=\"Symbol\" data-listid=\"1\" data-list-defn-props=\"{\" aria-setsize=\"-1\" data-aria-posinset=\"3\" data-aria-level=\"1\"><span data-contrast=\"none\">Mobiltelefon mit gespeicherter Nummer des Rennleiters 338 1208474<\/span><span data-ccp-props=\"{\"> <\/span><\/li>\n<li data-leveltext=\"\uf0b7\" data-font=\"Symbol\" data-listid=\"1\" data-list-defn-props=\"{\" aria-setsize=\"-1\" data-aria-posinset=\"4\" data-aria-level=\"1\"><span data-contrast=\"none\">Von der Organisation bereitgestellte Startnummer, die auf der Vorderseite des Trikots angebracht wird.<\/span><span data-ccp-props=\"{\"> <\/span><\/li>\n<\/ul>\n<p><b><br \/>\n  <span data-contrast=\"none\">Obligatorische Ausr\u00fcstung f\u00fcr die Wettkampfprogramme GELFISER, MONTAGNA GRANDE und PANTELLERIA TRAIL:<\/span><br \/>\n<\/b><span data-contrast=\"none\"><\/span><span data-ccp-props=\"{\"> <\/span><\/p>\n<ul>\n<li data-leveltext=\"\uf0b7\" data-font=\"Symbol\" data-listid=\"1\" data-list-defn-props=\"{\" aria-setsize=\"-1\" data-aria-posinset=\"5\" data-aria-level=\"1\"><span data-contrast=\"none\">Wanderschuhe; Flip-Flops, Sandalen oder offene Schuhe sind verboten.<\/span><span data-ccp-props=\"{\"> <\/span><\/li>\n<li data-leveltext=\"\uf0b7\" data-font=\"Symbol\" data-listid=\"1\" data-list-defn-props=\"{\" aria-setsize=\"-1\" data-aria-posinset=\"6\" data-aria-level=\"1\"><span data-contrast=\"none\">Kamelr\u00fccken oder 500 ml Wasserflasche<\/span><span data-ccp-props=\"{\"> <\/span><\/li>\n<li data-leveltext=\"\uf0b7\" data-font=\"Symbol\" data-listid=\"1\" data-list-defn-props=\"{\" aria-setsize=\"-1\" data-aria-posinset=\"7\" data-aria-level=\"1\"><span data-contrast=\"none\">Mobiltelefon mit gespeicherter Nummer des Rennleiters 338 1208474<\/span><span data-ccp-props=\"{\"> <\/span><\/li>\n<li data-leveltext=\"\uf0b7\" data-font=\"Symbol\" data-listid=\"1\" data-list-defn-props=\"{\" aria-setsize=\"-1\" data-aria-posinset=\"8\" data-aria-level=\"1\"><span data-contrast=\"none\">Thermische Abdeckung<\/span><span data-ccp-props=\"{\"> <\/span><\/li>\n<\/ul>\n<ul>\n<li data-leveltext=\"\uf0b7\" data-font=\"Symbol\" data-listid=\"1\" data-list-defn-props=\"{\" aria-setsize=\"-1\" data-aria-posinset=\"1\" data-aria-level=\"1\"><span data-contrast=\"none\">Pfeife<\/span><span data-ccp-props=\"{\"> <\/span><\/li>\n<li data-leveltext=\"\uf0b7\" data-font=\"Symbol\" data-listid=\"1\" data-list-defn-props=\"{\" aria-setsize=\"-1\" data-aria-posinset=\"2\" data-aria-level=\"1\"><span data-contrast=\"none\">Lebensmittelreserve\/Mineralsalze nach Ermessen<\/span><span data-ccp-props=\"{\"> <\/span><\/li>\n<li data-leveltext=\"\uf0b7\" data-font=\"Symbol\" data-listid=\"1\" data-list-defn-props=\"{\" aria-setsize=\"-1\" data-aria-posinset=\"3\" data-aria-level=\"1\"><span data-contrast=\"none\">Von der Organisation bereitgestellte Startnummer, die auf der Vorderseite des Trikots angebracht wird.<\/span><span data-ccp-props=\"{\"> <\/span><\/li>\n<\/ul>\n<p><b><br \/>\n  <span data-contrast=\"none\">Empfohlenes\/optionales Material f\u00fcr alle:<\/span><br \/>\n<\/b><span data-contrast=\"none\"><\/span><span data-ccp-props=\"{\"> <\/span><\/p>\n<ul>\n<li data-leveltext=\"\uf0b7\" data-font=\"Symbol\" data-listid=\"2\" data-list-defn-props=\"{\" aria-setsize=\"-1\" data-aria-posinset=\"4\" data-aria-level=\"1\"><span data-contrast=\"none\">Kappe<\/span><span data-ccp-props=\"{\"> <\/span><\/li>\n<li data-leveltext=\"\uf0b7\" data-font=\"Symbol\" data-listid=\"2\" data-list-defn-props=\"{\" aria-setsize=\"-1\" data-aria-posinset=\"5\" data-aria-level=\"1\"><span data-contrast=\"none\">Sonnenbrille<\/span><span data-ccp-props=\"{\"> <\/span><\/li>\n<li data-leveltext=\"\uf0b7\" data-font=\"Symbol\" data-listid=\"2\" data-list-defn-props=\"{\" aria-setsize=\"-1\" data-aria-posinset=\"6\" data-aria-level=\"1\"><span data-contrast=\"none\">Mineralsalze, Salzpr\u00e4parate, Energieriegel\/Gel<\/span><span data-ccp-props=\"{\"> <\/span><\/li>\n<li data-leveltext=\"\uf0b7\" data-font=\"Symbol\" data-listid=\"2\" data-list-defn-props=\"{\" aria-setsize=\"-1\" data-aria-posinset=\"7\" data-aria-level=\"1\"><span data-contrast=\"none\">Sonnencreme<\/span><span data-ccp-props=\"{\"> <\/span><\/li>\n<\/ul>\n<p><span data-contrast=\"none\">Die Verwendung von Nordic-Walking-St\u00f6cken ist erlaubt und liegt im Ermessen der Teilnehmer. Einzelheiten werden am Vortag bei der technischen Besprechung bekannt gegeben.<\/span><span data-ccp-props=\"{\"> <\/span><\/p>\n<p><span data-contrast=\"none\">Zu Beginn der Etappe findet eine vollst\u00e4ndige und individuelle Kontrolle des Pflichtmaterials statt.Stichprobenkontrollen sind nach Ermessen der Rennleitung entlang der Strecke m\u00f6glich. Das Fehlen bestimmter Elemente des obligatorischen Materials oder das Fehlen einer Wasserreserve f\u00fchrt zum Ausschluss von der Teilnahme.<\/span><span data-ccp-props=\"{\"> <\/span><\/p>\n<p><b><br \/>\n  <span data-contrast=\"none\">Rennmanagement und Wasserreserven<\/span><br \/>\n<\/b><span data-contrast=\"none\"><\/span><span data-ccp-props=\"{\"> <\/span><\/p>\n<p><span data-contrast=\"none\">Die Rennleitung sorgt f\u00fcr die Versorgung mit nat\u00fcrlichem Mineralwasser und Verpflegung an den Verpflegungsstellen, die <\/span><span data-contrast=\"none\">die bei der technischen Besprechung vor dem Rennen bekannt gegeben werden.<\/span><span data-ccp-props=\"{\"> <\/span><\/p>\n<p><span data-contrast=\"none\">In den Erfrischungsbereichen werden keine Plastikbecher zur Verf\u00fcgung stehen, so dass Sie Ihr eigenes Glas oder einen anderen geeigneten Beh\u00e4lter mitbringen m\u00fcssen, um zu trinken. Es ist nicht erlaubt, direkt aus Flaschen oder Dosen der Organisation zu trinken. Die Athleten sind verpflichtet, ihren Abfall in den von der Organisation bereitgestellten Beh\u00e4ltern zu entsorgen.<\/span><span data-ccp-props=\"{\"> <\/span><\/p>\n<p><span data-ccp-props=\"{\"> <\/span><\/p>\n<p><b><br \/>\n  <span data-contrast=\"none\">L\u00e4tzchen<\/span><br \/>\n<\/b><span data-contrast=\"none\"><\/span><span data-ccp-props=\"{\"> <\/span><\/p>\n<p><span data-contrast=\"none\">Das L\u00e4tzchen muss vorne auf der Brust und so getragen werden, dass alles, was darauf steht, gut sichtbar ist. Um Fehler in der Reihenfolge des Eintreffens zu vermeiden, ist es ratsam, die Startnummer selbst nicht zu verlieren, zu manipulieren oder zu besch\u00e4digen. Im Falle eines R\u00fccktritts muss der Teilnehmer das Organisationspersonal benachrichtigen und darf auf keinen Fall die Ziellinie \u00fcberschreiten.<\/span><span data-ccp-props=\"{\"> <\/span><\/p>\n<\/div><div class=\"content-box-shortcode-timeline-vertical\" style=\"border-color:#007aff;left:75px;top:60px;-webkit-transition-duration: 350ms;animation-duration: 350ms;\"><\/div><\/div><\/div><div style=\"--awb-backgroundcolor:#f1f4f6;--awb-iconcolor:#ffffff;--awb-content-padding-left:70px;\" class=\"fusion-column content-box-column content-box-column content-box-column-6 col-lg-12 col-md-12 col-sm-12 fusion-content-box-hover content-box-column-last-in-row\"><div class=\"col content-box-wrapper content-wrapper-background link-area-link-icon content-icon-wrapper-yes icon-hover-animation-fade fusion-animated\" data-animationType=\"fadeIn\" data-animationDuration=\"0.25\" data-animationOffset=\"top-into-view\"><div class=\"heading heading-with-icon icon-left\" style=\"margin-top:11px;\"><div class=\"icon\" style=\"margin-top:-11px;margin-bottom:-11px;-webkit-animation-duration: 350ms;animation-duration: 350ms;\"><span style=\"height:48px;width:48px;line-height:24px;border-color:#007aff;border-width:1px;border-style:solid;background-color:#007aff;margin-right:20px;box-sizing:content-box;border-radius:100%;\"><i style=\"border-color:#282828;border-width:0px;background-color:#007aff;box-sizing:content-box;height:48px;width:48px;line-height:48px;border-radius:100%;position:relative;top:auto;left:auto;margin:0;border-radius:100%;font-size:24px;\" aria-hidden=\"true\" class=\"fontawesome-icon fa-compass fas circle-yes\"><\/i><\/span><\/div><h4 class=\"content-box-heading\" style=\"--h4_typography-font-size:28px;line-height:33px;\">ART. 6 - Wege  <\/h4><\/div><div class=\"fusion-clearfix\"><\/div><div class=\"content-container\">\n<p><b><span data-contrast=\"none\">Walktrail Corto Nicht wettbewerbsorientiert &#8211; Start um 10.00 Uhr.<\/span><\/b><span data-ccp-props=\"{\"> <\/span><\/p>\n<p><span data-contrast=\"none\">8,7 KM 221 m D+\/- Nicht konkurrenzf\u00e4hig<\/span><b><span data-contrast=\"none\"> <\/span><\/b><span data-ccp-props=\"{\"> <\/span><\/p>\n<p><b><span data-contrast=\"none\">Langer Wanderweg ohne Wettbewerb &#8211; Start um 09.00 Uhr.<\/span><\/b><span data-ccp-props=\"{\"> <\/span><\/p>\n<p><span data-contrast=\"none\">18 KM 670 m<\/span><span data-contrast=\"none\">t D+\/-<\/span><span data-ccp-props=\"{\"> <\/span><\/p>\n<p><b><br \/>\n  <span data-contrast=\"none\">GELFISER TRAIL<\/span><br \/>\n<\/b><b><br \/>\n  <span data-contrast=\"none\">Wettbewerb <\/span><br \/>\n<\/b><b><br \/>\n  <span data-contrast=\"none\">&#8211; Start um 9 Uhr.<\/span><br \/>\n<\/b><span data-ccp-props=\"{\"> <\/span><\/p>\n<p><span data-contrast=\"none\">18 KM 670 m<\/span><span data-contrast=\"none\">t D+\/-<\/span><span data-contrast=\"none\">Wettbewerbsf\u00e4hig mit individueller Zeiterfassung.<\/span><span data-ccp-props=\"{\"> <\/span><\/p>\n<p><b><br \/>\n  <span data-contrast=\"none\">BERG GROSSER WEG<\/span><br \/>\n<\/b><b><br \/>\n  <span data-contrast=\"none\">Wettbewerb <\/span><br \/>\n<\/b><b><br \/>\n  <span data-contrast=\"none\">&#8211; Start um 9 Uhr.<\/span><br \/>\n<\/b><span data-ccp-props=\"{\"> <\/span><\/p>\n<p><span data-contrast=\"none\">25 KM 1022 m<\/span><span data-contrast=\"none\">t D+\/-<\/span><span data-contrast=\"none\">Wettbewerbsf\u00e4hig mit individueller Zeiterfassung.<\/span><span data-ccp-props=\"{\"> <\/span><\/p>\n<p><b><br \/>\n  <span data-contrast=\"none\">PANTELLERIEPFAD<\/span><br \/>\n<\/b><span data-contrast=\"none\"><b><br \/>\n  <span data-contrast=\"none\">Wettbewerb<\/span><br \/>\n<\/b><b><br \/>\n  <span data-contrast=\"none\">&#8211; Start um 9 Uhr.<\/span><br \/>\n<\/b><\/span><span data-ccp-props=\"{\"> <\/span><\/p>\n<p><span data-contrast=\"none\">36 KM 1820 m D+\/- Wettbewerbsf\u00e4hig mit individueller Zeitmessung.<\/span><span data-ccp-props=\"{\"> <\/span><\/p>\n<p><span data-contrast=\"none\">Die Strecken sind so angelegt, dass sie zu mindestens 90 % in der Natur und auf unbefestigten Wegen mit starken Steigungen und einigen Stra\u00dfen\u00fcberquerungen verlaufen.Die Teilnehmer m\u00fcssen zu jeder Zeit die Stra\u00dfenverkehrsordnung einhalten. Besonderes Augenmerk muss auf Streckenabschnitte mit Asphaltstra\u00dfen gelegt werden.<\/span><span data-ccp-props=\"{\"> <\/span><\/p>\n<p><span data-contrast=\"none\">Die Strecken sind anspruchsvoll und erfordern eine angemessene k\u00f6rperliche Vorbereitung, um die aus den Entfernungen und den besonderen klimatischen Bedingungen vor Ort resultierenden Anstrengungen zu bew\u00e4ltigen.Insbesondere in Anbetracht der Temperaturen und der vielen Sonnenstunden sollten sich die Teilnehmer mit Kamelr\u00fccken oder Wasserflaschen ausstatten, um jederzeit ausreichend Fl\u00fcssigkeit zu sich nehmen zu k\u00f6nnen.<\/span><span data-ccp-props=\"{\"> <\/span><\/p>\n<p><span data-contrast=\"none\">Die von den Teilnehmern zu befahrende Strecke wird mit Schildern, B\u00e4ndern und Fahnen in der  <\/span><span data-contrast=\"none\">voller Respekt f\u00fcr die Natur. Das Rennen wird halbselbstst\u00e4ndig. Die Teilnehmer sind verpflichtet, zu ihrer eigenen Sicherheit nicht vom Kurs abzuweichen. Ein Teilnehmer, der die markierten Wege verl\u00e4sst, f\u00e4llt nicht mehr unter die Verantwortung der Organisation<\/span><span data-ccp-props=\"{\"> <\/span><\/p>\n<p><span data-contrast=\"none\">Eine Verk\u00fcrzung der Strecke oder die Weigerung, sich an den Kontrollpunkten zu melden, kann zum Ausschluss des Teilnehmers f\u00fchren.<\/span><span data-ccp-props=\"{\"> <\/span><\/p>\n<p><span data-contrast=\"none\">Im Falle eines Abbruchs des Rennens auf der Strecke ist der Teilnehmer verpflichtet, die  <\/span><span data-contrast=\"none\">Sie ziehen sich nach Erreichen des n\u00e4chstgelegenen Kontrollpunkts aus dem Rennen zur\u00fcck. Die Organisation k\u00fcmmert sich um Ihre R\u00fcckkehr vom Kontrollpunkt am Ziel. Die Zeit, die ben\u00f6tigt wird, um die ausgeschiedenen Athleten zur\u00fcck zum Ziel zu begleiten, h\u00e4ngt von der Verf\u00fcgbarkeit von Fahrzeugen ab und kann aufgrund der Beschaffenheit des Gel\u00e4ndes mehrere zehn Minuten betragen.<\/span><span data-ccp-props=\"{\"> <\/span><\/p>\n<p><span data-contrast=\"none\">Die Verwendung jeglicher Hilfsmittel oder unbefugter Hilfe auf der Rennstrecke ist verboten.Es ist verboten, sich auf der Strecke von einer Person begleiten zu lassen, die nicht ordnungsgem\u00e4\u00df angemeldet ist. Die Verwendung von Kopfh\u00f6rern zum Abh\u00f6ren von i-Pods oder \u00e4hnlichen Ger\u00e4ten ist aus Sicherheitsgr\u00fcnden nicht gestattet.<\/span><span data-ccp-props=\"{\"> <\/span><\/p>\n<p><span data-contrast=\"none\">Respekt vor dem \u00d6kosystem. Das Rennen findet in Naturparks und gesch\u00fctzten \u00d6kosystemen statt: Es ist  <\/span><span data-contrast=\"none\">empfiehlt den gr\u00f6\u00dftm\u00f6glichen Respekt vor der Umwelt, der Flora, der Fauna und den nat\u00fcrlichen Elementen.Es ist verboten, M\u00fcll zu hinterlassen, Pflanzen und Blumen zu pfl\u00fccken, Steine zu entfernen und die Fauna zu bel\u00e4stigen. Das Zur\u00fccklassen von Abf\u00e4llen f\u00fchrt zum Ausschluss von der Veranstaltung. <\/span><span data-ccp-props=\"{\"> <\/span><\/p>\n<p><span data-ccp-props=\"{\"> <\/span><\/p>\n<p><span data-contrast=\"none\">Die Veranstaltung findet bei jedem Wetter statt. Die Rennleitung beh\u00e4lt sich das Recht vor, die Strecke jederzeit abzusagen, zu unterbrechen und\/oder zu \u00e4ndern, um m\u00f6gliche Gefahren f\u00fcr die Sicherheit der Teilnehmer zu beseitigen.<\/span><span data-ccp-props=\"{\"> <\/span><\/p>\n<\/div><div class=\"content-box-shortcode-timeline-vertical\" style=\"border-color:#007aff;left:75px;top:60px;-webkit-transition-duration: 350ms;animation-duration: 350ms;\"><\/div><\/div><\/div><div style=\"--awb-backgroundcolor:#f1f4f6;--awb-iconcolor:#ffffff;--awb-content-padding-left:70px;\" class=\"fusion-column content-box-column content-box-column content-box-column-7 col-lg-12 col-md-12 col-sm-12 fusion-content-box-hover content-box-column-last-in-row\"><div class=\"col content-box-wrapper content-wrapper-background link-area-link-icon content-icon-wrapper-yes icon-hover-animation-fade fusion-animated\" data-animationType=\"fadeIn\" data-animationDuration=\"0.25\" data-animationOffset=\"top-into-view\"><div class=\"heading heading-with-icon icon-left\" style=\"margin-top:11px;\"><div class=\"icon\" style=\"margin-top:-11px;margin-bottom:-11px;-webkit-animation-duration: 350ms;animation-duration: 350ms;\"><span style=\"height:48px;width:48px;line-height:24px;border-color:#007aff;border-width:1px;border-style:solid;background-color:#007aff;margin-right:20px;box-sizing:content-box;border-radius:100%;\"><i style=\"border-color:#282828;border-width:0px;background-color:#007aff;box-sizing:content-box;height:48px;width:48px;line-height:48px;border-radius:100%;position:relative;top:auto;left:auto;margin:0;border-radius:100%;font-size:24px;\" aria-hidden=\"true\" class=\"fontawesome-icon fa-history fas circle-yes\"><\/i><\/span><\/div><h4 class=\"content-box-heading\" style=\"--h4_typography-font-size:28px;line-height:33px;\">ART. 7 - Fristen und Zeitfenster  <\/h4><\/div><div class=\"fusion-clearfix\"><\/div><div class=\"content-container\">\n<p><b><span data-contrast=\"none\">Maximale Zeit f\u00fcr die Strecke 36 km PANTELLERIA TRAIL<\/span><\/b><span data-ccp-props=\"{\"> <\/span><\/p>\n<p><span data-contrast=\"none\">Zeitlimit 6h 45m<\/span><span data-ccp-props=\"{\"> <\/span><\/p>\n<p><b><span data-contrast=\"none\">Tore f\u00fcr die 36 km lange Strecke des PANTELLERIA TRAIL<\/span><\/b><span data-ccp-props=\"{\"> <\/span><\/p>\n<p><span data-contrast=\"none\">in Montagna grande am 4. Restaurant\/Kontrollpunkt 5h 00m vom Start<\/span><span data-ccp-props=\"{\"> <\/span><\/p>\n<p><span data-contrast=\"none\">F\u00fcr die anderen Strecken gibt es keine Sperrzeiten oder H\u00f6chstzeiten.<\/span><span data-ccp-props=\"{\"> <\/span><\/p>\n<p><span data-contrast=\"none\">Die Veranstaltung findet bei jedem Wetter statt. Die Rennleitung beh\u00e4lt sich das Recht vor, die Strecke jederzeit abzusagen, zu unterbrechen und\/oder zu \u00e4ndern, um m\u00f6gliche Gefahren f\u00fcr die Sicherheit der Teilnehmer zu beseitigen.<\/span><span data-ccp-props=\"{\"> <\/span><\/p>\n<\/div><div class=\"content-box-shortcode-timeline-vertical\" style=\"border-color:#007aff;left:75px;top:60px;-webkit-transition-duration: 350ms;animation-duration: 350ms;\"><\/div><\/div><\/div><div style=\"--awb-backgroundcolor:#f1f4f6;--awb-iconcolor:#ffffff;--awb-content-padding-left:70px;\" class=\"fusion-column content-box-column content-box-column content-box-column-8 col-lg-12 col-md-12 col-sm-12 fusion-content-box-hover content-box-column-last-in-row\"><div class=\"col content-box-wrapper content-wrapper-background link-area-link-icon content-icon-wrapper-yes icon-hover-animation-fade fusion-animated\" data-animationType=\"fadeIn\" data-animationDuration=\"0.25\" data-animationOffset=\"top-into-view\"><div class=\"heading heading-with-icon icon-left\" style=\"margin-top:11px;\"><div class=\"icon\" style=\"margin-top:-11px;margin-bottom:-11px;-webkit-animation-duration: 350ms;animation-duration: 350ms;\"><span style=\"height:48px;width:48px;line-height:24px;border-color:#007aff;border-width:1px;border-style:solid;background-color:#007aff;margin-right:20px;box-sizing:content-box;border-radius:100%;\"><i style=\"border-color:#282828;border-width:0px;background-color:#007aff;box-sizing:content-box;height:48px;width:48px;line-height:48px;border-radius:100%;position:relative;top:auto;left:auto;margin:0;border-radius:100%;font-size:24px;\" aria-hidden=\"true\" class=\"fontawesome-icon fa-file-alt fas circle-yes\"><\/i><\/span><\/div><h4 class=\"content-box-heading\" style=\"--h4_typography-font-size:28px;line-height:33px;\">ART. 8 - Rangfolge und Zeiterfassung  <\/h4><\/div><div class=\"fusion-clearfix\"><\/div><div class=\"content-container\">\n<p><span data-contrast=\"none\">Die Laufzeit jedes Teilnehmers der Programme Advance und Ultra wird in Stunden, Minuten und Sekunden gemessen.Die Zeitmessung basiert auf der Start- und Zielzeit<\/span><span data-ccp-props=\"{\"> <\/span><\/p>\n<p><span data-contrast=\"none\">Bei schwerwiegenden Verz\u00f6gerungen oder Problemen, die den reibungslosen Ablauf des Programms behindern, liegt es im Ermessen der Wettbewerbsleitung, einen oder mehrere Teilnehmer vom Wettbewerb auszuschlie\u00dfen.<\/span><span data-ccp-props=\"{\"> <\/span><\/p>\n<p><span data-contrast=\"none\">Eventuelle Beschwerden und\/oder Einspr\u00fcche m\u00fcssen innerhalb von 1 Stunde nach der Ver\u00f6ffentlichung der Rangliste gegen eine Kaution von \u20ac 50,00= bei der Direktion und dem Wettkampfrichter eingereicht werden.<\/span><span data-ccp-props=\"{\"> <\/span><\/p>\n<\/div><div class=\"content-box-shortcode-timeline-vertical\" style=\"border-color:#007aff;left:75px;top:60px;-webkit-transition-duration: 350ms;animation-duration: 350ms;\"><\/div><\/div><\/div><div style=\"--awb-backgroundcolor:#f1f4f6;--awb-iconcolor:#ffffff;--awb-content-padding-left:70px;\" class=\"fusion-column content-box-column content-box-column content-box-column-9 col-lg-12 col-md-12 col-sm-12 fusion-content-box-hover content-box-column-last-in-row\"><div class=\"col content-box-wrapper content-wrapper-background link-area-link-icon content-icon-wrapper-yes icon-hover-animation-fade fusion-animated\" data-animationType=\"fadeIn\" data-animationDuration=\"0.25\" data-animationOffset=\"top-into-view\"><div class=\"heading heading-with-icon icon-left\" style=\"margin-top:11px;\"><div class=\"icon\" style=\"margin-top:-11px;margin-bottom:-11px;-webkit-animation-duration: 350ms;animation-duration: 350ms;\"><span style=\"height:48px;width:48px;line-height:24px;border-color:#007aff;border-width:1px;border-style:solid;background-color:#007aff;margin-right:20px;box-sizing:content-box;border-radius:100%;\"><i style=\"border-color:#282828;border-width:0px;background-color:#007aff;box-sizing:content-box;height:48px;width:48px;line-height:48px;border-radius:100%;position:relative;top:auto;left:auto;margin:0;border-radius:100%;font-size:24px;\" aria-hidden=\"true\" class=\"fontawesome-icon fa-medal fas circle-yes\"><\/i><\/span><\/div><h4 class=\"content-box-heading\" style=\"--h4_typography-font-size:28px;line-height:33px;\">ART. 9 - Preise und Auszeichnungen  <\/h4><\/div><div class=\"fusion-clearfix\"><\/div><div class=\"content-container\">\n<p><span data-contrast=\"none\">Die Finisher der Wettbewerbsprogramme GELFISER TRAIL MONTAGNA GRANDE TRAIL und PANTELLERIA TRAIL erhalten eine Rennmedaille.<\/span><span data-ccp-props=\"{\"> <\/span><\/p>\n<p><span data-contrast=\"none\">Dar\u00fcber hinaus sind die folgenden Preiskategorien vorgesehen:<\/span><\/p>\n<p><strong>PANTELLERIEPFAD  <\/strong><br \/>\n<span data-contrast=\"none\">Die ersten drei M\u00e4nner und die ersten drei Frauen in der Gesamtwertung<\/span><span data-ccp-props=\"{\"> <\/span><\/p>\n<p><span data-contrast=\"none\">Die ersten drei M\u00e4nner und die ersten drei Frauen in jeder Kategorie<\/span><span data-ccp-props=\"{\"> <\/span><\/p>\n<p><strong>GROSSER BERGWEG  <\/strong><br \/>\n<span data-contrast=\"none\">Die ersten drei M\u00e4nner und die ersten drei Frauen in der Gesamtwertung<\/span><span data-ccp-props=\"{\"> <\/span><\/p>\n<p><span data-contrast=\"none\">Die ersten drei M\u00e4nner und die ersten drei Frauen in jeder Kategorie<\/span><span data-ccp-props=\"{\"> <\/span><\/p>\n<p><strong>GELFISER TRAIL<\/strong><br \/>\n<span data-contrast=\"none\">Die f\u00fcnf besten M\u00e4nner und die f\u00fcnf besten Frauen in der Gesamtwertung<\/span><\/p>\n<p><strong>GRUPPEN  <\/strong><\/p>\n<p><span data-contrast=\"none\">Erstes Unternehmen<\/span><span data-ccp-props=\"{\"> <\/span><\/p>\n<p><span data-contrast=\"none\">Gr\u00f6\u00dfte Walktrail-Gruppe<\/span><span data-ccp-props=\"{\"> <\/span><\/p>\n<\/div><div class=\"content-box-shortcode-timeline-vertical\" style=\"border-color:#007aff;left:75px;top:60px;-webkit-transition-duration: 350ms;animation-duration: 350ms;\"><\/div><\/div><\/div><div style=\"--awb-backgroundcolor:#f1f4f6;--awb-iconcolor:#ffffff;--awb-content-padding-left:70px;\" class=\"fusion-column content-box-column content-box-column content-box-column-10 col-lg-12 col-md-12 col-sm-12 fusion-content-box-hover content-box-column-last-in-row\"><div class=\"col content-box-wrapper content-wrapper-background link-area-link-icon content-icon-wrapper-yes icon-hover-animation-fade fusion-animated\" data-animationType=\"fadeIn\" data-animationDuration=\"0.25\" data-animationOffset=\"top-into-view\"><div class=\"heading heading-with-icon icon-left\" style=\"margin-top:11px;\"><div class=\"icon\" style=\"margin-top:-11px;margin-bottom:-11px;-webkit-animation-duration: 350ms;animation-duration: 350ms;\"><span style=\"height:48px;width:48px;line-height:24px;border-color:#007aff;border-width:1px;border-style:solid;background-color:#007aff;margin-right:20px;box-sizing:content-box;border-radius:100%;\"><i style=\"border-color:#282828;border-width:0px;background-color:#007aff;box-sizing:content-box;height:48px;width:48px;line-height:48px;border-radius:100%;position:relative;top:auto;left:auto;margin:0;border-radius:100%;font-size:24px;\" aria-hidden=\"true\" class=\"fontawesome-icon fa-times fas circle-yes\"><\/i><\/span><\/div><h4 class=\"content-box-heading\" style=\"--h4_typography-font-size:28px;line-height:33px;\">ARTIKEL 10 - K\u00dcNDIGUNG<\/h4><\/div><div class=\"fusion-clearfix\"><\/div><div class=\"content-container\">\n<p><span data-contrast=\"none\">Im Falle einer Absage des Rennens aus Gr\u00fcnden h\u00f6herer Gewalt, die mindestens 12 Tage vor dem Rennen erfolgt, verpflichtet sich die Organisation, 50 % der gezahlten Anmeldegeb\u00fchr zur\u00fcckzuerstatten.<\/span><span data-ccp-props=\"{\"> <\/span><\/p>\n<p><span data-contrast=\"none\">Im Falle einer Unterbrechung oder Absage weniger als 12 Tage vor dem Auswahlverfahren wird den Teilnehmern keine R\u00fcckerstattung gew\u00e4hrt.<\/span><br \/>\n<span data-contrast=\"none\">Im Falle einer Unterbrechung oder eines Abbruchs des Rennens aufgrund der Witterungsbedingungen oder aus einem anderen, von der Organisation unabh\u00e4ngigen Grund, wird den Teilnehmern keine R\u00fcckerstattung gew\u00e4hrt.<\/span><span data-ccp-props=\"{\"> <\/span><\/p>\n<p><span data-contrast=\"none\">Sollte die Veranstaltung auf ein sp\u00e4teres Datum verschoben werden, entscheidet die Organisation, ob sie die gesamte Geb\u00fchr der bereits angemeldeten Teilnehmer einspart oder eine Wiedereingliederungsgeb\u00fchr auf der Grundlage der der Organisation bereits entstandenen Kosten erhebt.<\/span><span data-ccp-props=\"{\"> <\/span><\/p>\n<\/div><div class=\"content-box-shortcode-timeline-vertical\" style=\"border-color:#007aff;left:75px;top:60px;-webkit-transition-duration: 350ms;animation-duration: 350ms;\"><\/div><\/div><\/div><div style=\"--awb-backgroundcolor:#f1f4f6;--awb-iconcolor:#ffffff;--awb-content-padding-left:70px;\" class=\"fusion-column content-box-column content-box-column content-box-column-11 col-lg-12 col-md-12 col-sm-12 fusion-content-box-hover content-box-column-last-in-row\"><div class=\"col content-box-wrapper content-wrapper-background link-area-link-icon content-icon-wrapper-yes icon-hover-animation-fade fusion-animated\" data-animationType=\"fadeIn\" data-animationDuration=\"0.25\" data-animationOffset=\"top-into-view\"><div class=\"heading heading-with-icon icon-left\" style=\"margin-top:11px;\"><div class=\"icon\" style=\"margin-top:-11px;margin-bottom:-11px;-webkit-animation-duration: 350ms;animation-duration: 350ms;\"><span style=\"height:48px;width:48px;line-height:24px;border-color:#007aff;border-width:1px;border-style:solid;background-color:#007aff;margin-right:20px;box-sizing:content-box;border-radius:100%;\"><i style=\"border-color:#282828;border-width:0px;background-color:#007aff;box-sizing:content-box;height:48px;width:48px;line-height:48px;border-radius:100%;position:relative;top:auto;left:auto;margin:0;border-radius:100%;font-size:24px;\" aria-hidden=\"true\" class=\"fontawesome-icon fa-address-card fas circle-yes\"><\/i><\/span><\/div><h4 class=\"content-box-heading\" style=\"--h4_typography-font-size:28px;line-height:33px;\">ART 11 - Befreiung von der Haftung  <\/h4><\/div><div class=\"fusion-clearfix\"><\/div><div class=\"content-container\">\n<p><span data-contrast=\"none\">Teilnehmer und Begleitpersonen nehmen auf eigene Verantwortung am Sportprogramm teil. Wer sich anmeldet, ist sich bewusst, dass er aufgrund der Beschaffenheit der Strecken das Risiko eingeht, sich selbst schwerste Verletzungen zuzuziehen, und dass es sehr lange dauern kann, bis Hilfe eintrifft.<\/span><span data-ccp-props=\"{\"> <\/span><\/p>\n<p><span data-ccp-props=\"{\"> <\/span><\/p>\n<p><span data-contrast=\"none\">Die Organisatoren sind von jeglicher zivil- und strafrechtlichen Haftung f\u00fcr Unf\u00e4lle, St\u00fcrze, Krankheiten sowie f\u00fcr Personen- und\/oder Sachsch\u00e4den, die vor, w\u00e4hrend und nach der Pr\u00fcfung sowie w\u00e4hrend der Reise durch sie verursacht werden oder sich daraus ergeben, befreit.<\/span><span data-ccp-props=\"{\"> <\/span><\/p>\n<p><span data-contrast=\"none\">Die Teilnehmer erkl\u00e4ren au\u00dferdem, dass sie ausf\u00fchrlich \u00fcber die mit dem Wettbewerb verbundenen Risiken und die von der Organisation getroffenen Sicherheitsma\u00dfnahmen informiert wurden.<\/span><span data-ccp-props=\"{\"> <\/span><\/p>\n<p><span data-contrast=\"none\">Die Kenntnisnahme und Annahme des vorliegenden Reglements bedeutet die volle Akzeptanz desselben und stellt eine ausdr\u00fcckliche Befreiung von jeglicher Haftung der Organisation und der an der Durchf\u00fchrung des Programms beteiligten Stellen f\u00fcr den Fall dar, dass die Athleten vor, w\u00e4hrend und nach den Aktivit\u00e4ten Verletzungen, Sch\u00e4den oder Tod erleiden.<\/span><span data-ccp-props=\"{\"> <\/span><\/p>\n<\/div><div class=\"content-box-shortcode-timeline-vertical\" style=\"border-color:#007aff;left:75px;top:60px;-webkit-transition-duration: 350ms;animation-duration: 350ms;\"><\/div><\/div><\/div><div style=\"--awb-backgroundcolor:#f1f4f6;--awb-iconcolor:#ffffff;--awb-content-padding-left:70px;\" class=\"fusion-column content-box-column content-box-column content-box-column-12 col-lg-12 col-md-12 col-sm-12 fusion-content-box-hover content-box-column-last-in-row\"><div class=\"col content-box-wrapper content-wrapper-background link-area-link-icon content-icon-wrapper-yes icon-hover-animation-fade fusion-animated\" data-animationType=\"fadeIn\" data-animationDuration=\"0.25\" data-animationOffset=\"top-into-view\"><div class=\"heading heading-with-icon icon-left\" style=\"margin-top:11px;\"><div class=\"icon\" style=\"margin-top:-11px;margin-bottom:-11px;-webkit-animation-duration: 350ms;animation-duration: 350ms;\"><span style=\"height:48px;width:48px;line-height:24px;border-color:#007aff;border-width:1px;border-style:solid;background-color:#007aff;margin-right:20px;box-sizing:content-box;border-radius:100%;\"><i style=\"border-color:#282828;border-width:0px;background-color:#007aff;box-sizing:content-box;height:48px;width:48px;line-height:48px;border-radius:100%;position:relative;top:auto;left:auto;margin:0;border-radius:100%;font-size:24px;\" aria-hidden=\"true\" class=\"fontawesome-icon fa-portrait fas circle-yes\"><\/i><\/span><\/div><h4 class=\"content-box-heading\" style=\"--h4_typography-font-size:28px;line-height:33px;\">ART. 12 - Bildrechte  <\/h4><\/div><div class=\"fusion-clearfix\"><\/div><div class=\"content-container\">\n<p><span data-contrast=\"none\">Alle ausschlie\u00dflichen Rechte zur Nutzung der Bilder des &#8222;PANTELLERIA TRAIL&#8220; sind Eigentum der Organisatoren. Mit der Anmeldung erkl\u00e4ren sich die Teilnehmer damit einverstanden, dass die Organisation ihren Namen und ihr Bild verwenden darf.<\/span><span data-ccp-props=\"{\"> <\/span><\/p>\n<p><span data-contrast=\"none\">Alle von den Teilnehmern bei den Proben aufgenommenen Foto-\/Audio-\/Videomaterialien d\u00fcrfen nur f\u00fcr private Zwecke verwendet werden, es sei denn, es liegt eine ausdr\u00fcckliche Genehmigung vor.<\/span><span data-ccp-props=\"{\"> <\/span><\/p>\n<p><span data-contrast=\"none\">Mit der Anmeldung erm\u00e4chtigen die Teilnehmer die Organisation, unentgeltlich und ohne r\u00e4umliche oder zeitliche Begrenzung stehende und bewegte Bilder von ihnen w\u00e4hrend der Sportveranstaltung zu verwenden.<\/span><span data-ccp-props=\"{\"> <\/span><\/p>\n<\/div><div class=\"content-box-shortcode-timeline-vertical\" style=\"border-color:#007aff;left:75px;top:60px;-webkit-transition-duration: 350ms;animation-duration: 350ms;\"><\/div><\/div><\/div><div style=\"--awb-backgroundcolor:#f1f4f6;--awb-iconcolor:#ffffff;--awb-content-padding-left:70px;\" class=\"fusion-column content-box-column content-box-column content-box-column-13 col-lg-12 col-md-12 col-sm-12 fusion-content-box-hover content-box-column-last-in-row\"><div class=\"col content-box-wrapper content-wrapper-background link-area-link-icon content-icon-wrapper-yes icon-hover-animation-fade fusion-animated\" data-animationType=\"fadeIn\" data-animationDuration=\"0.25\" data-animationOffset=\"top-into-view\"><div class=\"heading heading-with-icon icon-left\" style=\"margin-top:11px;\"><div class=\"icon\" style=\"margin-top:-11px;margin-bottom:-11px;-webkit-animation-duration: 350ms;animation-duration: 350ms;\"><span style=\"height:48px;width:48px;line-height:24px;border-color:#007aff;border-width:1px;border-style:solid;background-color:#007aff;margin-right:20px;box-sizing:content-box;border-radius:100%;\"><i style=\"border-color:#282828;border-width:0px;background-color:#007aff;box-sizing:content-box;height:48px;width:48px;line-height:48px;border-radius:100%;position:relative;top:auto;left:auto;margin:0;border-radius:100%;font-size:24px;\" aria-hidden=\"true\" class=\"fontawesome-icon fa-address-book fas circle-yes\"><\/i><\/span><\/div><h4 class=\"content-box-heading\" style=\"--h4_typography-font-size:28px;line-height:33px;\">ART. 13 - Rechte der Organisation  <\/h4><\/div><div class=\"fusion-clearfix\"><\/div><div class=\"content-container\">\n<p><span data-contrast=\"none\">Die Rennleitung beh\u00e4lt sich das Recht vor, nach eigenem Ermessen einzugreifen und dieses Reglement zu \u00e4ndern.<\/span><span data-ccp-props=\"{\"> <\/span><\/p>\n<p><span data-contrast=\"none\">Die technische Leitung beh\u00e4lt sich au\u00dferdem das Recht vor, die Strecke oder die Kilometerzahl aus technischen\/organisatorischen Gr\u00fcnden nach eigenem Ermessen zu \u00e4ndern.<\/span><span data-ccp-props=\"{\"> <\/span><\/p>\n<\/div><div class=\"content-box-shortcode-timeline-vertical\" style=\"border-color:#007aff;left:75px;top:60px;-webkit-transition-duration: 350ms;animation-duration: 350ms;\"><\/div><\/div><\/div><div style=\"--awb-backgroundcolor:#f1f4f6;--awb-iconcolor:#ffffff;--awb-content-padding-left:70px;\" class=\"fusion-column content-box-column content-box-column content-box-column-14 col-lg-12 col-md-12 col-sm-12 fusion-content-box-hover content-box-column-last-in-row\"><div class=\"col content-box-wrapper content-wrapper-background link-area-link-icon content-icon-wrapper-yes icon-hover-animation-fade fusion-animated\" data-animationType=\"fadeIn\" data-animationDuration=\"0.25\" data-animationOffset=\"top-into-view\"><div class=\"heading heading-with-icon icon-left\" style=\"margin-top:11px;\"><div class=\"icon\" style=\"margin-top:-11px;margin-bottom:-11px;-webkit-animation-duration: 350ms;animation-duration: 350ms;\"><span style=\"height:48px;width:48px;line-height:24px;border-color:#007aff;border-width:1px;border-style:solid;background-color:#007aff;margin-right:20px;box-sizing:content-box;border-radius:100%;\"><i style=\"border-color:#282828;border-width:0px;background-color:#007aff;box-sizing:content-box;height:48px;width:48px;line-height:48px;border-radius:100%;position:relative;top:auto;left:auto;margin:0;border-radius:100%;font-size:24px;\" aria-hidden=\"true\" class=\"fontawesome-icon fa-copyright fas circle-yes\"><\/i><\/span><\/div><h4 class=\"content-box-heading\" style=\"--h4_typography-font-size:28px;line-height:33px;\">ART. 14 - Datenschutz  <\/h4><\/div><div class=\"fusion-clearfix\"><\/div><div class=\"content-container\">\n<p><span data-contrast=\"none\">VRM Team ASD &#8211; ECOTRAIL SICILIA und PANTELLERIA OUTDOOR verarbeiten personenbezogene Daten mit Hilfe elektronischer und manueller Hilfsmittel unter Einhaltung des Datenschutzgesetzes und der geltenden Datenschutzbestimmungen.<\/span><span data-ccp-props=\"{\"> <\/span><\/p>\n<p><span data-contrast=\"none\">Die von dem f\u00fcr die Verarbeitung Verantwortlichen erhobenen Daten werden zu folgenden Zwecken verarbeitet: Anmeldung und Organisation der Reise, obligatorische Erf\u00fcllung der steuerlichen und buchhalterischen Verpflichtungen, Verpflichtungen aus den geltenden Gesetzen. Sie k\u00f6nnen zu denselben Zwecken an Dritte und Fachleute, die an der Durchf\u00fchrung des Programms mitwirken, verwendet und weitergegeben werden.<\/span><span data-ccp-props=\"{\"> <\/span><\/p>\n<\/div><div class=\"content-box-shortcode-timeline-vertical\" style=\"border-color:#007aff;left:75px;top:60px;-webkit-transition-duration: 350ms;animation-duration: 350ms;\"><\/div><\/div><\/div><div style=\"--awb-backgroundcolor:#f1f4f6;--awb-iconcolor:#ffffff;--awb-content-padding-left:70px;\" class=\"fusion-column content-box-column content-box-column content-box-column-15 col-lg-12 col-md-12 col-sm-12 fusion-content-box-hover content-box-column-last content-box-column-last-in-row\"><div class=\"col content-box-wrapper content-wrapper-background link-area-link-icon content-icon-wrapper-yes icon-hover-animation-fade fusion-animated\" data-animationType=\"fadeIn\" data-animationDuration=\"0.25\" data-animationOffset=\"top-into-view\"><div class=\"heading heading-with-icon icon-left\" style=\"margin-top:11px;\"><div class=\"icon\" style=\"margin-top:-11px;margin-bottom:-11px;-webkit-animation-duration: 350ms;animation-duration: 350ms;\"><span style=\"height:48px;width:48px;line-height:24px;border-color:#007aff;border-width:1px;border-style:solid;background-color:#007aff;margin-right:20px;box-sizing:content-box;border-radius:100%;\"><i style=\"border-color:#282828;border-width:0px;background-color:#007aff;box-sizing:content-box;height:48px;width:48px;line-height:48px;border-radius:100%;position:relative;top:auto;left:auto;margin:0;border-radius:100%;font-size:24px;\" aria-hidden=\"true\" class=\"fontawesome-icon fa-check fas circle-yes\"><\/i><\/span><\/div><h4 class=\"content-box-heading\" style=\"--h4_typography-font-size:28px;line-height:33px;\">ARTIKEL 15- Annahme der Gesch\u00e4ftsordnung  <\/h4><\/div><div class=\"fusion-clearfix\"><\/div><div class=\"content-container\">\n<p><span data-contrast=\"none\">Mit der Anmeldung zum Wettbewerb erkl\u00e4rt der Teilnehmer automatisch sein Einverst\u00e4ndnis mit dem Reglement in seiner Gesamtheit und in allen seinen Artikeln.<\/span> <span data-ccp-props=\"{\"> <\/span><\/p>\n<p><span data-contrast=\"none\">DIE ORGANISATION<\/span><span data-ccp-props=\"{\"> <\/span><\/p>\n<\/div><div class=\"content-box-shortcode-timeline-vertical\" style=\"border-color:#007aff;left:75px;top:60px;-webkit-transition-duration: 350ms;animation-duration: 350ms;\"><\/div><\/div><\/div><div class=\"fusion-clearfix\"><\/div><\/div><\/div><\/div><\/div><\/div><div class=\"fusion-fullwidth fullwidth-box fusion-builder-row-2 fusion-flex-container nonhundred-percent-fullwidth non-hundred-percent-height-scrolling\" style=\"--awb-border-radius-top-left:0px;--awb-border-radius-top-right:0px;--awb-border-radius-bottom-right:0px;--awb-border-radius-bottom-left:0px;--awb-padding-top:60px;--awb-flex-wrap:wrap;\" ><div class=\"fusion-builder-row fusion-row fusion-flex-align-items-center fusion-flex-justify-content-space-evenly fusion-flex-content-wrap\" style=\"max-width:1248px;margin-left: calc(-4% \/ 2 );margin-right: calc(-4% \/ 2 );\"><div class=\"fusion-layout-column fusion_builder_column fusion-builder-column-1 fusion_builder_column_1_1 1_1 fusion-flex-column\" style=\"--awb-bg-size:cover;--awb-width-large:100%;--awb-margin-top-large:0px;--awb-spacing-right-large:1.92%;--awb-margin-bottom-large:20px;--awb-spacing-left-large:1.92%;--awb-width-medium:100%;--awb-order-medium:0;--awb-spacing-right-medium:1.92%;--awb-spacing-left-medium:1.92%;--awb-width-small:100%;--awb-order-small:0;--awb-spacing-right-small:1.92%;--awb-spacing-left-small:1.92%;\"><div class=\"fusion-column-wrapper fusion-column-has-shadow fusion-flex-justify-content-flex-start fusion-content-layout-column\"><div class=\"fusion-widget fusion-widget-element fusion-widget-area fusion-content-widget-area wpWidget-1 lshowcase_widget\" style=\"--awb-fusion-border-size:0px;--awb-fusion-border-style:solid;\"><div class=\"widget lshowcase_widget\"><div class=\"lshowcase-clear-both\">&nbsp;<\/div><div class=\"lshowcase-logos \"><div style='display:none;' class='lshowcase-wrap-carousel-0' ><div data-entry-id=\"3964\" class=\"lshowcase-slide lshowcase-horizontal-slide lshowcase-thumb lshowcase-normal\"><img data-original-title='La nicchia' data-entry-id='3964' src='https:\/\/veronamarathonexplore.it\/wp-content\/uploads\/2022\/09\/loghi-x-sito-explore-la-nicchia-200x200.png'  width='200'  height = '200'  alt='La nicchia' title='' class='lshowcase-thumb'  \/><\/div><div data-entry-id=\"3965\" class=\"lshowcase-slide lshowcase-horizontal-slide lshowcase-thumb lshowcase-normal\"><img data-original-title='Museo Cappero' data-entry-id='3965' src='https:\/\/veronamarathonexplore.it\/wp-content\/uploads\/2022\/09\/loghi-x-sito-explore-museo-cappero-200x200.png'  width='200'  height = '200'  alt='Museo Cappero' title='' class='lshowcase-thumb'  \/><\/div><div data-entry-id=\"3081\" class=\"lshowcase-slide lshowcase-horizontal-slide lshowcase-thumb lshowcase-normal\"><a href='https:\/\/lapanteska.it\/' target='_blank' ><img data-original-title='Birrificio la panteska' data-entry-id='3081' src='https:\/\/veronamarathonexplore.it\/wp-content\/uploads\/2021\/09\/2020_BirrificioPanteska_RestylingLogo_ESE-copia-200x171.jpg'  width='200'  height = '171'  alt='Birrificio la panteska' title='' class='lshowcase-thumb'   \/><\/a><\/div><div data-entry-id=\"3084\" class=\"lshowcase-slide lshowcase-horizontal-slide lshowcase-thumb lshowcase-normal\"><a href='https:\/\/aziendabonomopantelleria.it\/' target='_blank' ><img data-original-title='Azienda agricola Bonomo' data-entry-id='3084' src='https:\/\/veronamarathonexplore.it\/wp-content\/uploads\/2021\/09\/BONOMO-LOGO-AZIENDA-200x82.jpg'  width='200'  height = '82'  alt='Azienda agricola Bonomo' title='' class='lshowcase-thumb'   \/><\/a><\/div><div data-entry-id=\"3090\" class=\"lshowcase-slide lshowcase-horizontal-slide lshowcase-thumb lshowcase-normal\"><a href='http:\/\/www.vacanzedammusi.it\/' target='_blank' ><img data-original-title='Dammusi 2 gatti pantelleria' data-entry-id='3090' src='https:\/\/veronamarathonexplore.it\/wp-content\/uploads\/2021\/09\/Dammuso-2-gatti-200x200.jpg'  width='200'  height = '200'  alt='Dammusi 2 gatti pantelleria' title='' class='lshowcase-thumb'   \/><\/a><\/div><div data-entry-id=\"3096\" class=\"lshowcase-slide lshowcase-horizontal-slide lshowcase-thumb lshowcase-normal\"><a href='http:\/\/www.parconazionalepantelleria.it\/' target='_blank' ><img data-original-title='Parco nazionale isola di pantelleria' data-entry-id='3096' src='https:\/\/veronamarathonexplore.it\/wp-content\/uploads\/2021\/09\/Ente-Parco-Nazionale-Pantelleria-200x200.jpg'  width='200'  height = '200'  alt='Parco nazionale isola di pantelleria' title='' class='lshowcase-thumb'   \/><\/a><\/div><div data-entry-id=\"3099\" class=\"lshowcase-slide lshowcase-horizontal-slide lshowcase-thumb lshowcase-normal\"><img data-original-title='Comune di Pantelleria' data-entry-id='3099' src='https:\/\/veronamarathonexplore.it\/wp-content\/uploads\/2021\/09\/comune-di-Pantelleria-200x86.png'  width='200'  height = '86'  alt='Comune di Pantelleria' title='' class='lshowcase-thumb'  \/><\/div><div data-entry-id=\"3785\" class=\"lshowcase-slide lshowcase-horizontal-slide lshowcase-thumb lshowcase-normal\"><a href='https:\/\/ecotrailsicilia.it\/' target='_blank' ><img data-original-title='Ecotrail Sicilia' data-entry-id='3785' src='https:\/\/veronamarathonexplore.it\/wp-content\/uploads\/2022\/02\/logo_ECOTRAIL-SICILIA-200x33.png'  width='200'  height = '33'  alt='Ecotrail Sicilia' title='' class='lshowcase-thumb'   \/><\/a><\/div><div data-entry-id=\"3811\" class=\"lshowcase-slide lshowcase-horizontal-slide lshowcase-thumb lshowcase-normal\"><a href='https:\/\/www.facebook.com\/pantelleriaoutdoor\/' target='_blank' ><img data-original-title='pantelleria outdoor' data-entry-id='3811' src='https:\/\/veronamarathonexplore.it\/wp-content\/uploads\/2022\/02\/logo_pantelleria-outdoor-200x200.png'  width='200'  height = '200'  alt='pantelleria outdoor' title='' class='lshowcase-thumb'   \/><\/a><\/div><div data-entry-id=\"3954\" class=\"lshowcase-slide lshowcase-horizontal-slide lshowcase-thumb lshowcase-normal\"><img data-original-title='Rent' data-entry-id='3954' src='https:\/\/veronamarathonexplore.it\/wp-content\/uploads\/2022\/09\/loghi-x-sito-explore-rent-200x200.png'  width='200'  height = '200'  alt='Rent' title='' class='lshowcase-thumb'  \/><\/div><\/div><\/div><div class=\"lshowcase-clear-both\">&nbsp;<\/div><\/div><\/div><\/div><\/div><\/div><\/div><\/p>\n","protected":false},"excerpt":{"rendered":"","protected":false},"author":1,"featured_media":0,"parent":0,"menu_order":0,"comment_status":"closed","ping_status":"closed","template":"","meta":{"footnotes":""},"_links":{"self":[{"href":"https:\/\/veronamarathonexplore.it\/de\/wp-json\/wp\/v2\/pages\/5433"}],"collection":[{"href":"https:\/\/veronamarathonexplore.it\/de\/wp-json\/wp\/v2\/pages"}],"about":[{"href":"https:\/\/veronamarathonexplore.it\/de\/wp-json\/wp\/v2\/types\/page"}],"author":[{"embeddable":true,"href":"https:\/\/veronamarathonexplore.it\/de\/wp-json\/wp\/v2\/users\/1"}],"replies":[{"embeddable":true,"href":"https:\/\/veronamarathonexplore.it\/de\/wp-json\/wp\/v2\/comments?post=5433"}],"version-history":[{"count":2,"href":"https:\/\/veronamarathonexplore.it\/de\/wp-json\/wp\/v2\/pages\/5433\/revisions"}],"predecessor-version":[{"id":5435,"href":"https:\/\/veronamarathonexplore.it\/de\/wp-json\/wp\/v2\/pages\/5433\/revisions\/5435"}],"wp:attachment":[{"href":"https:\/\/veronamarathonexplore.it\/de\/wp-json\/wp\/v2\/media?parent=5433"}],"curies":[{"name":"wp","href":"https:\/\/api.w.org\/{rel}","templated":true}]}}